{"id":10449,"date":"2026-09-03T19:10:45","date_gmt":"2026-09-03T17:10:45","guid":{"rendered":"https:\/\/casatraca.com\/quartos-2\/quarto-retro\/"},"modified":"2026-09-03T19:21:49","modified_gmt":"2026-09-03T17:21:49","slug":"quarto-retro","status":"publish","type":"page","link":"https:\/\/casatraca.com\/pt-pt\/quartos-2\/quarto-retro\/","title":{"rendered":"Quarto retro"},"content":{"rendered":"<p><div class=\"fusion-fullwidth fullwidth-box fusion-builder-row-1 fusion-flex-container has-pattern-background has-mask-background hundred-percent-fullwidth non-hundred-percent-height-scrolling\" style=\"--awb-border-radius-top-left:0px;--awb-border-radius-top-right:0px;--awb-border-radius-bottom-right:0px;--awb-border-radius-bottom-left:0px;--awb-flex-wrap:wrap;\" ><div class=\"fusion-builder-row fusion-row fusion-flex-align-items-flex-start fusion-flex-content-wrap\" style=\"width:calc( 100% + 5px ) !important;max-width:calc( 100% + 5px ) !important;margin-left: calc(-5px \/ 2 );margin-right: calc(-5px \/ 2 );\"><div class=\"fusion-layout-column fusion_builder_column fusion-builder-column-0 fusion_builder_column_1_4 1_4 fusion-flex-column\" style=\"--awb-bg-size:cover;--awb-width-large:25%;--awb-margin-top-large:0px;--awb-spacing-right-large:2.5px;--awb-margin-bottom-large:20px;--awb-spacing-left-large:2.5px;--awb-width-medium:25%;--awb-order-medium:0;--awb-spacing-right-medium:2.5px;--awb-spacing-left-medium:2.5px;--awb-width-small:100%;--awb-order-small:0;--awb-spacing-right-small:2.5px;--awb-spacing-left-small:2.5px;\"><div class=\"fusion-column-wrapper fusion-column-has-shadow fusion-flex-justify-content-flex-start fusion-content-layout-column\"><div class=\"fusion-image-element\" style=\"--awb-caption-title-font-family:var(--h2_typography-font-family);--awb-caption-title-font-weight:var(--h2_typography-font-weight);--awb-caption-title-font-style:var(--h2_typography-font-style);--awb-caption-title-size:var(--h2_typography-font-size);--awb-caption-title-transform:var(--h2_typography-text-transform);--awb-caption-title-line-height:var(--h2_typography-line-height);--awb-caption-title-letter-spacing:var(--h2_typography-letter-spacing);\"><span class=\" fusion-imageframe imageframe-none imageframe-1 hover-type-none\"><img decoding=\"async\" width=\"3264\" height=\"2448\" alt=\"sala retro\" title=\"Quarto Retro 4\" src=\"https:\/\/casatraca.com\/wp-content\/uploads\/2016\/04\/Retro-Room-4.jpg\" class=\"img-responsive wp-image-5312\" srcset=\"https:\/\/casatraca.com\/wp-content\/uploads\/2016\/04\/Retro-Room-4-300x225.jpg 300w, https:\/\/casatraca.com\/wp-content\/uploads\/2016\/04\/Retro-Room-4-768x576.jpg 768w, https:\/\/casatraca.com\/wp-content\/uploads\/2016\/04\/Retro-Room-4-1024x768.jpg 1024w, https:\/\/casatraca.com\/wp-content\/uploads\/2016\/04\/Retro-Room-4.jpg 3264w\" sizes=\"(max-width: 3264px) 100vw, 3264px\"><\/span><\/div><\/div><\/div><div class=\"fusion-layout-column fusion_builder_column fusion-builder-column-1 fusion_builder_column_1_4 1_4 fusion-flex-column\" style=\"--awb-bg-size:cover;--awb-width-large:25%;--awb-margin-top-large:0px;--awb-spacing-right-large:2.5px;--awb-margin-bottom-large:20px;--awb-spacing-left-large:2.5px;--awb-width-medium:25%;--awb-order-medium:0;--awb-spacing-right-medium:2.5px;--awb-spacing-left-medium:2.5px;--awb-width-small:100%;--awb-order-small:0;--awb-spacing-right-small:2.5px;--awb-spacing-left-small:2.5px;\"><div class=\"fusion-column-wrapper fusion-column-has-shadow fusion-flex-justify-content-flex-start fusion-content-layout-column\"><div class=\"fusion-image-element\" style=\"--awb-caption-title-font-family:var(--h2_typography-font-family);--awb-caption-title-font-weight:var(--h2_typography-font-weight);--awb-caption-title-font-style:var(--h2_typography-font-style);--awb-caption-title-size:var(--h2_typography-font-size);--awb-caption-title-transform:var(--h2_typography-text-transform);--awb-caption-title-line-height:var(--h2_typography-line-height);--awb-caption-title-letter-spacing:var(--h2_typography-letter-spacing);\"><span class=\" fusion-imageframe imageframe-none imageframe-2 hover-type-none\"><img decoding=\"async\" width=\"3264\" height=\"2448\" alt=\"Quarto Retro B&amp;B no centro de Portugal\" title=\"Casa Traca &#8211; quarto retro 1\" src=\"https:\/\/casatraca.com\/wp-content\/uploads\/2019\/02\/Casa-Traca-retro-kamer-1.jpg\" class=\"img-responsive wp-image-2624\" srcset=\"https:\/\/casatraca.com\/wp-content\/uploads\/2019\/02\/Casa-Traca-retro-kamer-1-300x225.jpg 300w, https:\/\/casatraca.com\/wp-content\/uploads\/2019\/02\/Casa-Traca-retro-kamer-1-768x576.jpg 768w, https:\/\/casatraca.com\/wp-content\/uploads\/2019\/02\/Casa-Traca-retro-kamer-1-1024x768.jpg 1024w, https:\/\/casatraca.com\/wp-content\/uploads\/2019\/02\/Casa-Traca-retro-kamer-1.jpg 3264w\" sizes=\"(max-width: 3264px) 100vw, 3264px\"><\/span><\/div><\/div><\/div><div class=\"fusion-layout-column fusion_builder_column fusion-builder-column-2 fusion_builder_column_1_4 1_4 fusion-flex-column\" style=\"--awb-bg-size:cover;--awb-width-large:25%;--awb-margin-top-large:0px;--awb-spacing-right-large:2.5px;--awb-margin-bottom-large:20px;--awb-spacing-left-large:2.5px;--awb-width-medium:25%;--awb-order-medium:0;--awb-spacing-right-medium:2.5px;--awb-spacing-left-medium:2.5px;--awb-width-small:100%;--awb-order-small:0;--awb-spacing-right-small:2.5px;--awb-spacing-left-small:2.5px;\"><div class=\"fusion-column-wrapper fusion-column-has-shadow fusion-flex-justify-content-flex-start fusion-content-layout-column\"><div class=\"fusion-image-element\" style=\"--awb-caption-title-font-family:var(--h2_typography-font-family);--awb-caption-title-font-weight:var(--h2_typography-font-weight);--awb-caption-title-font-style:var(--h2_typography-font-style);--awb-caption-title-size:var(--h2_typography-font-size);--awb-caption-title-transform:var(--h2_typography-text-transform);--awb-caption-title-line-height:var(--h2_typography-line-height);--awb-caption-title-letter-spacing:var(--h2_typography-letter-spacing);\"><span class=\" fusion-imageframe imageframe-none imageframe-3 hover-type-none\"><img decoding=\"async\" width=\"3264\" height=\"2448\" alt=\"Quarto retro em Bed and Breakfast no centro de Portugal\" title=\"Casa Traca, quarto retro 4\" src=\"https:\/\/casatraca.com\/wp-content\/uploads\/2019\/06\/Casa-Traca-retro-kamer-4.jpg\" class=\"img-responsive wp-image-5898\" srcset=\"https:\/\/casatraca.com\/wp-content\/uploads\/2019\/06\/Casa-Traca-retro-kamer-4-300x225.jpg 300w, https:\/\/casatraca.com\/wp-content\/uploads\/2019\/06\/Casa-Traca-retro-kamer-4-768x576.jpg 768w, https:\/\/casatraca.com\/wp-content\/uploads\/2019\/06\/Casa-Traca-retro-kamer-4-1024x768.jpg 1024w, https:\/\/casatraca.com\/wp-content\/uploads\/2019\/06\/Casa-Traca-retro-kamer-4.jpg 3264w\" sizes=\"(max-width: 3264px) 100vw, 3264px\"><\/span><\/div><\/div><\/div><div class=\"fusion-layout-column fusion_builder_column fusion-builder-column-3 fusion_builder_column_1_4 1_4 fusion-flex-column\" style=\"--awb-bg-size:cover;--awb-width-large:25%;--awb-margin-top-large:0px;--awb-spacing-right-large:2.5px;--awb-margin-bottom-large:20px;--awb-spacing-left-large:2.5px;--awb-width-medium:25%;--awb-order-medium:0;--awb-spacing-right-medium:2.5px;--awb-spacing-left-medium:2.5px;--awb-width-small:100%;--awb-order-small:0;--awb-spacing-right-small:2.5px;--awb-spacing-left-small:2.5px;\"><div class=\"fusion-column-wrapper fusion-column-has-shadow fusion-flex-justify-content-flex-start fusion-content-layout-column\"><div class=\"fusion-image-element\" style=\"--awb-caption-title-font-family:var(--h2_typography-font-family);--awb-caption-title-font-weight:var(--h2_typography-font-weight);--awb-caption-title-font-style:var(--h2_typography-font-style);--awb-caption-title-size:var(--h2_typography-font-size);--awb-caption-title-transform:var(--h2_typography-text-transform);--awb-caption-title-line-height:var(--h2_typography-line-height);--awb-caption-title-letter-spacing:var(--h2_typography-letter-spacing);\"><span class=\" fusion-imageframe imageframe-none imageframe-4 hover-type-none\"><img decoding=\"async\" width=\"816\" height=\"612\" alt=\"ber\u00e7o de cama de beb\u00ea\" title=\"Ledikant na Casa Traca (2)\" src=\"https:\/\/casatraca.com\/wp-content\/uploads\/2019\/08\/Ledikant-bij-Casa-Traca-2.jpg\" class=\"img-responsive wp-image-5325\" srcset=\"https:\/\/casatraca.com\/wp-content\/uploads\/2019\/08\/Ledikant-bij-Casa-Traca-2-300x225.jpg 300w, https:\/\/casatraca.com\/wp-content\/uploads\/2019\/08\/Ledikant-bij-Casa-Traca-2-768x576.jpg 768w, https:\/\/casatraca.com\/wp-content\/uploads\/2019\/08\/Ledikant-bij-Casa-Traca-2.jpg 816w\" sizes=\"(max-width: 816px) 100vw, 816px\"><\/span><\/div><\/div><\/div><\/div><\/div><div class=\"fusion-fullwidth fullwidth-box fusion-builder-row-2 fusion-flex-container has-pattern-background has-mask-background nonhundred-percent-fullwidth non-hundred-percent-height-scrolling\" style=\"--awb-border-radius-top-left:0px;--awb-border-radius-top-right:0px;--awb-border-radius-bottom-right:0px;--awb-border-radius-bottom-left:0px;--awb-flex-wrap:wrap;\" ><div class=\"fusion-builder-row fusion-row fusion-flex-align-items-flex-start fusion-flex-content-wrap\" style=\"max-width:1248px;margin-left: calc(-4% \/ 2 );margin-right: calc(-4% \/ 2 );\"><div class=\"fusion-layout-column fusion_builder_column fusion-builder-column-4 fusion_builder_column_1_1 1_1 fusion-flex-column\" style=\"--awb-bg-size:cover;--awb-width-large:100%;--awb-margin-top-large:0px;--awb-spacing-right-large:1.92%;--awb-margin-bottom-large:20px;--awb-spacing-left-large:1.92%;--awb-width-medium:100%;--awb-order-medium:0;--awb-spacing-right-medium:1.92%;--awb-spacing-left-medium:1.92%;--awb-width-small:100%;--awb-order-small:0;--awb-spacing-right-small:1.92%;--awb-spacing-left-small:1.92%;\"><div class=\"fusion-column-wrapper fusion-column-has-shadow fusion-flex-justify-content-flex-start fusion-content-layout-column\"><div class=\"fusion-text fusion-text-1\"><p class=\"isSelectedEnd\">O Quarto Retro d\u00e1 vida \u00e0 atmosfera acolhedora dos anos setenta. Cores quentes, detalhes caracter\u00edsticos e uma decora\u00e7\u00e3o nost\u00e1lgica criam um quarto com personalidade pr\u00f3pria, enquanto o conforto \u00e9 totalmente contempor\u00e2neo.<\/p>\n<p>O quarto espa\u00e7oso tem capacidade para <strong>2 a 3 pessoas<\/strong> e oferece todo o espa\u00e7o necess\u00e1rio para relaxares \u00e0 grande ap\u00f3s um dia de caminhadas, uma visita \u00e0s aldeias hist\u00f3ricas de xisto ou uma tarde numa das praias fluviais da regi\u00e3o.<\/p>\n<\/div><\/div><\/div><\/div><\/div><div class=\"fusion-fullwidth fullwidth-box fusion-builder-row-3 fusion-flex-container nonhundred-percent-fullwidth non-hundred-percent-height-scrolling\" style=\"--awb-border-radius-top-left:0px;--awb-border-radius-top-right:0px;--awb-border-radius-bottom-right:0px;--awb-border-radius-bottom-left:0px;--awb-flex-wrap:wrap;\" ><div class=\"fusion-builder-row fusion-row fusion-flex-align-items-flex-start fusion-flex-content-wrap\" style=\"max-width:1248px;margin-left: calc(-4% \/ 2 );margin-right: calc(-4% \/ 2 );\"><div class=\"fusion-layout-column fusion_builder_column fusion-builder-column-5 fusion_builder_column_1_2 1_2 fusion-flex-column fusion-flex-align-self-center\" style=\"--awb-bg-size:cover;--awb-width-large:50%;--awb-margin-top-large:0px;--awb-spacing-right-large:3.84%;--awb-margin-bottom-large:20px;--awb-spacing-left-large:3.84%;--awb-width-medium:50%;--awb-order-medium:0;--awb-spacing-right-medium:3.84%;--awb-spacing-left-medium:3.84%;--awb-width-small:100%;--awb-order-small:0;--awb-spacing-right-small:1.92%;--awb-spacing-left-small:1.92%;\" data-scroll-devices=\"small-visibility,medium-visibility,large-visibility\"><div class=\"fusion-column-wrapper fusion-column-has-shadow fusion-flex-justify-content-center fusion-content-layout-column\"><div class=\"fusion-text fusion-text-2\"><p><strong>Conforto com um toque nost\u00e1lgico<\/strong><\/p>\n<p class=\"isSelectedEnd\">O Quarto Retro foi decorado com cuidado, no estilo caracter\u00edstico dos anos setenta. As cores quentes e os detalhes aut\u00eanticos criam um ambiente acolhedor e descontra\u00eddo, sem comprometer o conforto.<\/p>\n<p>Gra\u00e7as ao seu espa\u00e7o amplo, o quarto tem uma zona de estar acolhedora onde podes ler, jogar um jogo ou saborear tranquilamente um caf\u00e9 ou um ch\u00e1.<\/p>\n<\/div><div class=\"fusion-text fusion-text-3\" style=\"--awb-margin-top:15px;\"><a  class=\"\" id=\"beds24book_6419_10773_0\" style=\"text-decoration:none;\" href=\"https:\/\/casatraca.com\/pt-pt\/portugues-sobre-nos-portugal\/\/?1&#038;ownerid=6419&#038;propid=10773&#038;checkin=2026-09-12&#038;numnight=2&#038;numadult=2&#038;numchild=0&#038;referer=Website+Casa+Traca&#038;\" ><button class=\"beds24_bookbutton\" style=\"cursor: pointer;color: #ffffff;padding: 14px;background-color: #280d7a;\">Reserva o quarto Retro<\/button><\/a>\n<\/div><\/div><\/div><div class=\"fusion-layout-column fusion_builder_column fusion-builder-column-6 fusion_builder_column_1_2 1_2 fusion-flex-column\" style=\"--awb-bg-size:cover;--awb-width-large:50%;--awb-margin-top-large:0px;--awb-spacing-right-large:3.84%;--awb-margin-bottom-large:20px;--awb-spacing-left-large:3.84%;--awb-width-medium:50%;--awb-order-medium:0;--awb-spacing-right-medium:3.84%;--awb-spacing-left-medium:3.84%;--awb-width-small:100%;--awb-order-small:0;--awb-spacing-right-small:1.92%;--awb-spacing-left-small:1.92%;\"><div class=\"fusion-column-wrapper fusion-column-has-shadow fusion-flex-justify-content-flex-start fusion-content-layout-column\"><div class=\"fusion-image-element\" style=\"--awb-caption-title-font-family:var(--h2_typography-font-family);--awb-caption-title-font-weight:var(--h2_typography-font-weight);--awb-caption-title-font-style:var(--h2_typography-font-style);--awb-caption-title-size:var(--h2_typography-font-size);--awb-caption-title-transform:var(--h2_typography-text-transform);--awb-caption-title-line-height:var(--h2_typography-line-height);--awb-caption-title-letter-spacing:var(--h2_typography-letter-spacing);\"><span class=\" fusion-imageframe imageframe-none imageframe-5 hover-type-none\"><img decoding=\"async\" width=\"3264\" height=\"2448\" alt=\"Quarto retro em Bed and Breakfast no centro de Portugal\" title=\"Casa Traca, quarto retro 4\" src=\"https:\/\/casatraca.com\/wp-content\/uploads\/2019\/06\/Casa-Traca-retro-kamer-4.jpg\" class=\"img-responsive wp-image-5898\" srcset=\"https:\/\/casatraca.com\/wp-content\/uploads\/2019\/06\/Casa-Traca-retro-kamer-4-300x225.jpg 300w, https:\/\/casatraca.com\/wp-content\/uploads\/2019\/06\/Casa-Traca-retro-kamer-4-768x576.jpg 768w, https:\/\/casatraca.com\/wp-content\/uploads\/2019\/06\/Casa-Traca-retro-kamer-4-1024x768.jpg 1024w, https:\/\/casatraca.com\/wp-content\/uploads\/2019\/06\/Casa-Traca-retro-kamer-4.jpg 3264w\" sizes=\"(max-width: 3264px) 100vw, 3264px\"><\/span><\/div><\/div><\/div><\/div><\/div><div class=\"fusion-fullwidth fullwidth-box fusion-builder-row-4 fusion-flex-container has-pattern-background has-mask-background nonhundred-percent-fullwidth non-hundred-percent-height-scrolling\" style=\"--awb-border-radius-top-left:0px;--awb-border-radius-top-right:0px;--awb-border-radius-bottom-right:0px;--awb-border-radius-bottom-left:0px;--awb-flex-wrap:wrap;\" ><div class=\"fusion-builder-row fusion-row fusion-flex-align-items-flex-start fusion-flex-content-wrap\" style=\"max-width:1248px;margin-left: calc(-4% \/ 2 );margin-right: calc(-4% \/ 2 );\"><div class=\"fusion-layout-column fusion_builder_column fusion-builder-column-7 fusion_builder_column_1_2 1_2 fusion-flex-column\" style=\"--awb-bg-size:cover;--awb-width-large:50%;--awb-margin-top-large:0px;--awb-spacing-right-large:3.84%;--awb-margin-bottom-large:20px;--awb-spacing-left-large:3.84%;--awb-width-medium:50%;--awb-order-medium:0;--awb-spacing-right-medium:3.84%;--awb-spacing-left-medium:3.84%;--awb-width-small:100%;--awb-order-small:0;--awb-spacing-right-small:1.92%;--awb-spacing-left-small:1.92%;\"><div class=\"fusion-column-wrapper fusion-column-has-shadow fusion-flex-justify-content-flex-start fusion-content-layout-column\"><div class=\"fusion-image-element\" style=\"--awb-caption-title-font-family:var(--h2_typography-font-family);--awb-caption-title-font-weight:var(--h2_typography-font-weight);--awb-caption-title-font-style:var(--h2_typography-font-style);--awb-caption-title-size:var(--h2_typography-font-size);--awb-caption-title-transform:var(--h2_typography-text-transform);--awb-caption-title-line-height:var(--h2_typography-line-height);--awb-caption-title-letter-spacing:var(--h2_typography-letter-spacing);\"><span class=\" fusion-imageframe imageframe-none imageframe-6 hover-type-none\"><img decoding=\"async\" width=\"816\" height=\"612\" alt=\"Casa Traca Bed and Breakfast Arganil, Bed and Breakfast Central Portugal\" title=\"Ber\u00e7o na Casa Traca (3)\" src=\"https:\/\/casatraca.com\/wp-content\/uploads\/2019\/08\/Ledikant-bij-Casa-Traca-3.jpg\" class=\"img-responsive wp-image-5041\" srcset=\"https:\/\/casatraca.com\/wp-content\/uploads\/2019\/08\/Ledikant-bij-Casa-Traca-3-300x225.jpg 300w, https:\/\/casatraca.com\/wp-content\/uploads\/2019\/08\/Ledikant-bij-Casa-Traca-3-768x576.jpg 768w, https:\/\/casatraca.com\/wp-content\/uploads\/2019\/08\/Ledikant-bij-Casa-Traca-3.jpg 816w\" sizes=\"(max-width: 816px) 100vw, 816px\"><\/span><\/div><\/div><\/div><div class=\"fusion-layout-column fusion_builder_column fusion-builder-column-8 fusion_builder_column_1_2 1_2 fusion-flex-column fusion-flex-align-self-center\" style=\"--awb-bg-size:cover;--awb-width-large:50%;--awb-margin-top-large:0px;--awb-spacing-right-large:3.84%;--awb-margin-bottom-large:20px;--awb-spacing-left-large:3.84%;--awb-width-medium:50%;--awb-order-medium:0;--awb-spacing-right-medium:3.84%;--awb-spacing-left-medium:3.84%;--awb-width-small:100%;--awb-order-small:0;--awb-spacing-right-small:1.92%;--awb-spacing-left-small:1.92%;\" data-scroll-devices=\"small-visibility,medium-visibility,large-visibility\"><div class=\"fusion-column-wrapper fusion-column-has-shadow fusion-flex-justify-content-center fusion-content-layout-column\"><div class=\"fusion-text fusion-text-4\"><h3>Ideal para fam\u00edlias jovens<\/h3>\n<p class=\"isSelectedEnd\">O quarto est\u00e1 equipado de s\u00e9rie para duas pessoas e pode ser ampliado com uma cama extra.<\/p>\n<p>Al\u00e9m disso, gra\u00e7as \u00e0 sua ampla \u00e1rea \u00fatil, este quarto \u00e9 especialmente adequado para colocar um ber\u00e7o. Fica espa\u00e7o suficiente para te sentires \u00e0 vontade e para as crian\u00e7as pequenas brincarem em seguran\u00e7a.<\/p>\n<\/div><div class=\"fusion-text fusion-text-5\" style=\"--awb-margin-top:15px;\"><a  class=\"\" id=\"beds24book_6419_10773_0\" style=\"text-decoration:none;\" href=\"https:\/\/casatraca.com\/pt-pt\/portugues-sobre-nos-portugal\/?1&#038;ownerid=6419&#038;propid=10773&#038;checkin=2026-09-12&#038;numnight=2&#038;numadult=2&#038;numchild=0&#038;referer=Website+Casa+Traca&#038;\" ><button class=\"beds24_bookbutton\" style=\"cursor: pointer;color: #ffffff;padding: 14px;background-color: #280d7a;\">Reserva o quarto Retro<\/button><\/a>\n<\/div><\/div><\/div><\/div><\/div><div class=\"fusion-fullwidth fullwidth-box fusion-builder-row-5 fusion-flex-container has-pattern-background has-mask-background nonhundred-percent-fullwidth non-hundred-percent-height-scrolling\" style=\"--awb-border-radius-top-left:0px;--awb-border-radius-top-right:0px;--awb-border-radius-bottom-right:0px;--awb-border-radius-bottom-left:0px;--awb-flex-wrap:wrap;\" ><div class=\"fusion-builder-row fusion-row fusion-flex-align-items-flex-start fusion-flex-content-wrap\" style=\"max-width:1248px;margin-left: calc(-4% \/ 2 );margin-right: calc(-4% \/ 2 );\"><div class=\"fusion-layout-column fusion_builder_column fusion-builder-column-9 fusion_builder_column_1_2 1_2 fusion-flex-column\" style=\"--awb-bg-size:cover;--awb-width-large:50%;--awb-margin-top-large:0px;--awb-spacing-right-large:3.84%;--awb-margin-bottom-large:20px;--awb-spacing-left-large:3.84%;--awb-width-medium:50%;--awb-order-medium:0;--awb-spacing-right-medium:3.84%;--awb-spacing-left-medium:3.84%;--awb-width-small:100%;--awb-order-small:0;--awb-spacing-right-small:1.92%;--awb-spacing-left-small:1.92%;\"><div class=\"fusion-column-wrapper fusion-column-has-shadow fusion-flex-justify-content-flex-start fusion-content-layout-column\"><div class=\"fusion-video fusion-youtube\" style=\"--awb-max-width:600px;--awb-max-height:350px;--awb-align-self:center;--awb-width:100%;\"><div class=\"video-shortcode\"><div class=\"fluid-width-video-wrapper\" style=\"padding-top:58.33%;\" ><iframe title=\"YouTube video player 1\" src=\"https:\/\/www.youtube.com\/embed\/nHpFquwy880?wmode=transparent&autoplay=0\" width=\"600\" height=\"350\" allowfullscreen allow=\"autoplay; clipboard-write; encrypted-media; gyroscope; picture-in-picture;\"><\/iframe><\/div><\/div><\/div><\/div><\/div><div class=\"fusion-layout-column fusion_builder_column fusion-builder-column-10 fusion_builder_column_1_2 1_2 fusion-flex-column\" style=\"--awb-bg-size:cover;--awb-width-large:50%;--awb-margin-top-large:0px;--awb-spacing-right-large:3.84%;--awb-margin-bottom-large:20px;--awb-spacing-left-large:3.84%;--awb-width-medium:50%;--awb-order-medium:0;--awb-spacing-right-medium:3.84%;--awb-spacing-left-medium:3.84%;--awb-width-small:100%;--awb-order-small:0;--awb-spacing-right-small:1.92%;--awb-spacing-left-small:1.92%;\"><div class=\"fusion-column-wrapper fusion-column-has-shadow fusion-flex-justify-content-flex-start fusion-content-layout-column\"><div class=\"fusion-text fusion-text-6\"><h3>Casa de banho<\/h3>\n<p class=\"isSelectedEnd\">O Quarto Retro usa a espa\u00e7osa casa de banho partilhada no primeiro andar. Como a Casa Traca \u00e9 um Bed &amp; Breakfast de pequena escala, na pr\u00e1tica esta casa de banho \u00e9 partilhada apenas por um n\u00famero reduzido de h\u00f3spedes.<\/p>\n<p>Al\u00e9m disso, se a ocupa\u00e7\u00e3o o permitir, tenho todo o gosto em oferecer-te a possibilidade de usares a luxuosa casa de banho do r\u00e9s-do-ch\u00e3o, que foi recentemente renovada na totalidade.<\/p>\n<\/div><\/div><\/div><\/div><\/div><div class=\"fusion-fullwidth fullwidth-box fusion-builder-row-6 fusion-flex-container nonhundred-percent-fullwidth non-hundred-percent-height-scrolling\" style=\"--awb-border-radius-top-left:0px;--awb-border-radius-top-right:0px;--awb-border-radius-bottom-right:0px;--awb-border-radius-bottom-left:0px;--awb-flex-wrap:wrap;\" ><div class=\"fusion-builder-row fusion-row fusion-flex-align-items-flex-start fusion-flex-content-wrap\" style=\"max-width:1248px;margin-left: calc(-4% \/ 2 );margin-right: calc(-4% \/ 2 );\"><div class=\"fusion-layout-column fusion_builder_column fusion-builder-column-11 fusion_builder_column_1_1 1_1 fusion-flex-column\" style=\"--awb-bg-size:cover;--awb-width-large:100%;--awb-margin-top-large:0px;--awb-spacing-right-large:1.92%;--awb-margin-bottom-large:20px;--awb-spacing-left-large:1.92%;--awb-width-medium:100%;--awb-order-medium:0;--awb-spacing-right-medium:1.92%;--awb-spacing-left-medium:1.92%;--awb-width-small:100%;--awb-order-small:0;--awb-spacing-right-small:1.92%;--awb-spacing-left-small:1.92%;\"><div class=\"fusion-column-wrapper fusion-column-has-shadow fusion-flex-justify-content-flex-start fusion-content-layout-column\"><div class=\"fusion-title title fusion-title-1 fusion-sep-none fusion-title-center fusion-title-text fusion-title-size-four\" style=\"--awb-margin-top-small:10px;--awb-margin-right-small:0px;--awb-margin-bottom-small:10px;--awb-margin-left-small:0px;\"><h4 class=\"fusion-title-heading title-heading-center\" style=\"margin:0;\">Especifica\u00e7\u00f5es do quarto retro<\/h4><\/div><\/div><\/div><div class=\"fusion-layout-column fusion_builder_column fusion-builder-column-12 fusion_builder_column_1_3 1_3 fusion-flex-column\" style=\"--awb-bg-size:cover;--awb-width-large:33.333333333333%;--awb-margin-top-large:0px;--awb-spacing-right-large:5.76%;--awb-margin-bottom-large:20px;--awb-spacing-left-large:5.76%;--awb-width-medium:33.333333333333%;--awb-order-medium:0;--awb-spacing-right-medium:5.76%;--awb-spacing-left-medium:5.76%;--awb-width-small:100%;--awb-order-small:0;--awb-spacing-right-small:1.92%;--awb-spacing-left-small:1.92%;\"><div class=\"fusion-column-wrapper fusion-column-has-shadow fusion-flex-justify-content-flex-start fusion-content-layout-column\"><ul style=\"--awb-line-height:27.2px;--awb-icon-width:27.2px;--awb-icon-height:27.2px;--awb-icon-margin:11.2px;--awb-content-margin:38.4px;--awb-circlecolor:#65bc7b;--awb-circle-yes-font-size:14.08px;\" class=\"fusion-checklist fusion-checklist-1 fusion-checklist-default type-icons\"><li class=\"fusion-li-item\" style=\"\"><span class=\"icon-wrapper circle-yes\"><i class=\"fusion-li-icon fa-user fas\" aria-hidden=\"true\"><\/i><\/span><div class=\"fusion-li-item-content\">\n<p>Ideal para 2 a 3 pessoas<\/p>\n<\/div><\/li><li class=\"fusion-li-item\" style=\"\"><span class=\"icon-wrapper circle-yes\"><i class=\"fusion-li-icon fa-heart fas\" aria-hidden=\"true\"><\/i><\/span><div class=\"fusion-li-item-content\">\n<p>Decora\u00e7\u00e3o acolhedora ao estilo dos anos 70<\/p>\n<\/div><\/li><li class=\"fusion-li-item\" style=\"\"><span class=\"icon-wrapper circle-yes\"><i class=\"fusion-li-icon awb-icon-check\" aria-hidden=\"true\"><\/i><\/span><div class=\"fusion-li-item-content\">\n<p>\u00c1rea de estar acolhedora<\/p>\n<\/div><\/li><li class=\"fusion-li-item\" style=\"\"><span class=\"icon-wrapper circle-yes\"><i class=\"fusion-li-icon fa-expand-alt fas\" aria-hidden=\"true\"><\/i><\/span><div class=\"fusion-li-item-content\">\n<p>Quarto espa\u00e7oso e confort\u00e1vel<\/p>\n<\/div><\/li><li class=\"fusion-li-item\" style=\"\"><span class=\"icon-wrapper circle-yes\"><i class=\"fusion-li-icon fa-baby fas\" aria-hidden=\"true\"><\/i><\/span><div class=\"fusion-li-item-content\">\n<p>Ideal para um ber\u00e7o gra\u00e7as ao espa\u00e7o extra<\/p>\n<\/div><\/li><li class=\"fusion-li-item\" style=\"\"><span class=\"icon-wrapper circle-yes\"><i class=\"fusion-li-icon fa-wifi fas\" aria-hidden=\"true\"><\/i><\/span><div class=\"fusion-li-item-content\">\n<p>Wi-Fi gratuito<\/p>\n<\/div><\/li><\/ul><\/div><\/div><div class=\"fusion-layout-column fusion_builder_column fusion-builder-column-13 fusion_builder_column_1_3 1_3 fusion-flex-column\" style=\"--awb-bg-size:cover;--awb-width-large:33.333333333333%;--awb-margin-top-large:0px;--awb-spacing-right-large:5.76%;--awb-margin-bottom-large:20px;--awb-spacing-left-large:5.76%;--awb-width-medium:33.333333333333%;--awb-order-medium:0;--awb-spacing-right-medium:5.76%;--awb-spacing-left-medium:5.76%;--awb-width-small:100%;--awb-order-small:0;--awb-spacing-right-small:1.92%;--awb-spacing-left-small:1.92%;\"><div class=\"fusion-column-wrapper fusion-column-has-shadow fusion-flex-justify-content-flex-start fusion-content-layout-column\"><i class=\"fb-icon-element-1 fb-icon-element fontawesome-icon fa-check fas circle-yes fusion-text-flow\" style=\"--awb-circlecolor:#011b56;--awb-circlebordersize:1px;--awb-font-size:28.16px;--awb-width:56.32px;--awb-height:56.32px;--awb-line-height:54.32px;--awb-margin-right:16px;\"><\/i><ul style=\"--awb-line-height:27.2px;--awb-icon-width:27.2px;--awb-icon-height:27.2px;--awb-icon-margin:11.2px;--awb-content-margin:38.4px;--awb-circlecolor:#65bc7b;--awb-circle-yes-font-size:14.08px;\" class=\"fusion-checklist fusion-checklist-2 fusion-checklist-default type-icons\"><li class=\"fusion-li-item\" style=\"\"><span class=\"icon-wrapper circle-yes\"><i class=\"fusion-li-icon fa-tshirt fas\" aria-hidden=\"true\"><\/i><\/span><div class=\"fusion-li-item-content\">\n<p>Inclui roup\u00f5es de banho, secador de cabelo e sabonete<\/p>\n<\/div><\/li><li class=\"fusion-li-item\" style=\"\"><span class=\"icon-wrapper circle-yes\"><i class=\"fusion-li-icon fa-coffee fas\" aria-hidden=\"true\"><\/i><\/span><div class=\"fusion-li-item-content\">\n<p>Caf\u00e9 e ch\u00e1 gr\u00e1tis<\/p>\n<\/div><\/li><li class=\"fusion-li-item\" style=\"\"><span class=\"icon-wrapper circle-yes\"><i class=\"fusion-li-icon fa-bread-slice fas\" aria-hidden=\"true\"><\/i><\/span><div class=\"fusion-li-item-content\">\n<p>Com pequeno-almo\u00e7o inclu\u00eddo<\/p>\n<\/div><\/li><li class=\"fusion-li-item\" style=\"\"><span class=\"icon-wrapper circle-yes\"><i class=\"fusion-li-icon fa-couch fas\" aria-hidden=\"true\"><\/i><\/span><div class=\"fusion-li-item-content\">\n<p>Utiliza\u00e7\u00e3o da sala comum<\/p>\n<\/div><\/li><\/ul><\/div><\/div><div class=\"fusion-layout-column fusion_builder_column fusion-builder-column-14 fusion_builder_column_1_3 1_3 fusion-flex-column\" style=\"--awb-bg-size:cover;--awb-width-large:33.333333333333%;--awb-margin-top-large:0px;--awb-spacing-right-large:5.76%;--awb-margin-bottom-large:20px;--awb-spacing-left-large:5.76%;--awb-width-medium:33.333333333333%;--awb-order-medium:0;--awb-spacing-right-medium:5.76%;--awb-spacing-left-medium:5.76%;--awb-width-small:100%;--awb-order-small:0;--awb-spacing-right-small:1.92%;--awb-spacing-left-small:1.92%;\"><div class=\"fusion-column-wrapper fusion-column-has-shadow fusion-flex-justify-content-flex-start fusion-content-layout-column\"><ul style=\"--awb-line-height:27.2px;--awb-icon-width:27.2px;--awb-icon-height:27.2px;--awb-icon-margin:11.2px;--awb-content-margin:38.4px;--awb-circlecolor:#65bc7b;--awb-circle-yes-font-size:14.08px;\" class=\"fusion-checklist fusion-checklist-3 fusion-checklist-default type-icons\"><li class=\"fusion-li-item\" style=\"\"><span class=\"icon-wrapper circle-yes\"><i class=\"fusion-li-icon fa-bed fas\" aria-hidden=\"true\"><\/i><\/span><div class=\"fusion-li-item-content\">\n<p>1 cama de casal<\/p>\n<\/div><\/li><li class=\"fusion-li-item\" style=\"\"><span class=\"icon-wrapper circle-yes\"><i class=\"fusion-li-icon fa-bed fas\" aria-hidden=\"true\"><\/i><\/span><div class=\"fusion-li-item-content\">\n<p>1 sof\u00e1-cama, individual<\/p>\n<\/div><\/li><li class=\"fusion-li-item\" style=\"\"><span class=\"icon-wrapper circle-yes\"><i class=\"fusion-li-icon fa-home fas\" aria-hidden=\"true\"><\/i><\/span><div class=\"fusion-li-item-content\">\n<p>\u00c1rea do quarto: 35 m\u00b2<\/p>\n<\/div><\/li><li class=\"fusion-li-item\" style=\"\"><span class=\"icon-wrapper circle-yes\"><i class=\"fusion-li-icon fa-clock fas\" aria-hidden=\"true\"><\/i><\/span><div class=\"fusion-li-item-content\">\n<p>\u00c9 poss\u00edvel fazer o check-out mais tarde<\/p>\n<\/div><\/li><\/ul><\/div><\/div><\/div><\/div><div class=\"fusion-fullwidth fullwidth-box fusion-builder-row-7 fusion-flex-container has-pattern-background has-mask-background nonhundred-percent-fullwidth non-hundred-percent-height-scrolling\" style=\"--awb-border-radius-top-left:0px;--awb-border-radius-top-right:0px;--awb-border-radius-bottom-right:0px;--awb-border-radius-bottom-left:0px;--awb-flex-wrap:wrap;\" ><div class=\"fusion-builder-row fusion-row fusion-flex-align-items-flex-start fusion-flex-content-wrap\" style=\"max-width:1248px;margin-left: calc(-4% \/ 2 );margin-right: calc(-4% \/ 2 );\"><div class=\"fusion-layout-column fusion_builder_column fusion-builder-column-15 fusion_builder_column_1_1 1_1 fusion-flex-column\" style=\"--awb-bg-size:cover;--awb-width-large:100%;--awb-margin-top-large:0px;--awb-spacing-right-large:1.92%;--awb-margin-bottom-large:20px;--awb-spacing-left-large:1.92%;--awb-width-medium:100%;--awb-order-medium:0;--awb-spacing-right-medium:1.92%;--awb-spacing-left-medium:1.92%;--awb-width-small:100%;--awb-order-small:0;--awb-spacing-right-small:1.92%;--awb-spacing-left-small:1.92%;\"><div class=\"fusion-column-wrapper fusion-column-has-shadow fusion-flex-justify-content-flex-start fusion-content-layout-column\"><div class=\"fusion-text fusion-text-7\"><div id=\"beds24target_6419_10773_27901\"><iframe onload=\"window.parent.parent.scrollTo(0,0)\" src =\"https:\/\/www.beds24.com\/booking2.php?1&#038;ownerid=6419&#038;propid=10773&#038;roomid=27901&#038;checkin=2026-09-12&#038;numnight=2&#038;numadult=2&#038;numchild=0&#038;referer=Website+Casa+Traca&#038;\" width=\"1400\" height=\"1600\" style=\"max-width:100%;border:none;overflow:auto;\"><p><a href=\"https:\/\/www.beds24.com\/booking2.php?1&#038;ownerid=6419&#038;propid=10773&#038;roomid=27901&#038;checkin=2026-09-12&#038;numnight=2&#038;numadult=2&#038;numchild=0&#038;referer=Website+Casa+Traca&#038;\" target=\"_blank\" rel=\"noopener\">Book Now<\/a><\/p><\/iframe><\/div>\n<\/div><div ><a class=\"fusion-button button-flat button-xlarge button-default fusion-button-default button-1 fusion-button-default-span fusion-button-default-type\" style=\"--awb-margin-top:15px;\" target=\"_self\" href=\"https:\/\/casatraca.com\/boek-reserveer\/\"><span class=\"fusion-button-text awb-button__text awb-button__text--default\">Se j\u00e1 n\u00e3o estiver dispon\u00edvel, v\u00ea aqui os outros quartos!<\/span><\/a><\/div><\/div><\/div><\/div><\/div><\/p>\n","protected":false},"excerpt":{"rendered":"","protected":false},"author":2,"featured_media":7062,"parent":10427,"menu_order":0,"comment_status":"closed","ping_status":"closed","template":"100-width.php","meta":{"footnotes":""},"class_list":["post-10449","page","type-page","status-publish","has-post-thumbnail","hentry"],"_links":{"self":[{"href":"https:\/\/casatraca.com\/pt-pt\/wp-json\/wp\/v2\/pages\/10449","targetHints":{"allow":["GET"]}}],"collection":[{"href":"https:\/\/casatraca.com\/pt-pt\/wp-json\/wp\/v2\/pages"}],"about":[{"href":"https:\/\/casatraca.com\/pt-pt\/wp-json\/wp\/v2\/types\/page"}],"author":[{"embeddable":true,"href":"https:\/\/casatraca.com\/pt-pt\/wp-json\/wp\/v2\/users\/2"}],"replies":[{"embeddable":true,"href":"https:\/\/casatraca.com\/pt-pt\/wp-json\/wp\/v2\/comments?post=10449"}],"version-history":[{"count":5,"href":"https:\/\/casatraca.com\/pt-pt\/wp-json\/wp\/v2\/pages\/10449\/revisions"}],"predecessor-version":[{"id":10465,"href":"https:\/\/casatraca.com\/pt-pt\/wp-json\/wp\/v2\/pages\/10449\/revisions\/10465"}],"up":[{"embeddable":true,"href":"https:\/\/casatraca.com\/pt-pt\/wp-json\/wp\/v2\/pages\/10427"}],"wp:featuredmedia":[{"embeddable":true,"href":"https:\/\/casatraca.com\/pt-pt\/wp-json\/wp\/v2\/media\/7062"}],"wp:attachment":[{"href":"https:\/\/casatraca.com\/pt-pt\/wp-json\/wp\/v2\/media?parent=10449"}],"curies":[{"name":"wp","href":"https:\/\/api.w.org\/{rel}","templated":true}]}}