{"id":10445,"date":"2026-09-03T19:10:07","date_gmt":"2026-09-03T17:10:07","guid":{"rendered":"https:\/\/casatraca.com\/quartos-2\/sala-bizantina\/"},"modified":"2026-09-03T19:23:03","modified_gmt":"2026-09-03T17:23:03","slug":"sala-bizantina","status":"publish","type":"page","link":"https:\/\/casatraca.com\/pt-pt\/quartos-2\/sala-bizantina\/","title":{"rendered":"Sala bizantina"},"content":{"rendered":"<p><div class=\"fusion-fullwidth fullwidth-box fusion-builder-row-1 fusion-flex-container nonhundred-percent-fullwidth non-hundred-percent-height-scrolling\" style=\"--awb-border-radius-top-left:0px;--awb-border-radius-top-right:0px;--awb-border-radius-bottom-right:0px;--awb-border-radius-bottom-left:0px;--awb-flex-wrap:wrap;\" ><div class=\"fusion-builder-row fusion-row fusion-flex-align-items-flex-start fusion-flex-content-wrap\" style=\"max-width:1248px;margin-left: calc(-4% \/ 2 );margin-right: calc(-4% \/ 2 );\"><div class=\"fusion-layout-column fusion_builder_column fusion-builder-column-0 fusion_builder_column_1_1 1_1 fusion-flex-column\" style=\"--awb-bg-size:cover;--awb-width-large:100%;--awb-margin-top-large:0px;--awb-spacing-right-large:1.92%;--awb-margin-bottom-large:0px;--awb-spacing-left-large:1.92%;--awb-width-medium:100%;--awb-spacing-right-medium:1.92%;--awb-spacing-left-medium:1.92%;--awb-width-small:100%;--awb-spacing-right-small:1.92%;--awb-spacing-left-small:1.92%;\"><div class=\"fusion-column-wrapper fusion-flex-justify-content-flex-start fusion-content-layout-column\"><div class=\"fusion-title title fusion-title-1 fusion-sep-none fusion-title-center fusion-title-text fusion-title-size-two\" style=\"--awb-margin-top-small:10px;--awb-margin-right-small:0px;--awb-margin-bottom-small:10px;--awb-margin-left-small:0px;\"><h2 class=\"fusion-title-heading title-heading-center\" style=\"margin:0;\">&#8220;Um pedacinho da Turquia no centro de Portugal!&#8221;<\/h2><\/div><div class=\"fusion-text fusion-text-1\"><p>Deixa-te levar pelo mundo acolhedor e cheio de charme do quarto bizantino. Inspirado nas cores ricas, nos detalhes \u00fanicos e na hospitalidade da Turquia antiga, este quarto \u00e9 um lugar \u00fanico para relaxares completamente.<\/p>\n<p>O quarto bizantino est\u00e1 decorado com cores orientais quentes. Inspirado na Turquia antiga, no Imp\u00e9rio Bizantino com a sua capital Constantinopla, a atual Istambul. Podes beber caf\u00e9 e ch\u00e1 em cer\u00e2mica e copos turcos originais. Cores quentes, toques turcos e detalhes aut\u00eanticos conferem a este quarto um ambiente especial. O quarto bizantino tem uma espa\u00e7osa \u00e1rea de estar com almofadas (kelim) superconfort\u00e1veis, onde te podes acomodar com um livro ou um copo de vinho da regi\u00e3o: vinho verde.<\/p>\n<div>Desfruta de um lindo p\u00f4r-do-sol sobre as montanhas a partir do teu pr\u00f3prio varal, que se estende por todo o comprimento do quarto bizantino. Do varal, tens uma vista maravilhosa sobre o vale do Monte d&#8217;Alto; ali\u00e1s, esta \u00e9 tamb\u00e9m a vista magn\u00edfica que tens de manh\u00e3, ainda na tua cama! Tamb\u00e9m a partir da tua cama, desfrutas desta vista todas as manh\u00e3s e acordas ao som do canto dos p\u00e1ssaros.<\/div>\n<div>\n<h3 data-start=\"1622\" data-end=\"1661\">Adequado para um m\u00e1ximo de quatro pessoas<\/h3>\n<p data-start=\"1663\" data-end=\"1762\">O Quarto Bizantino est\u00e1 equipado de s\u00e9rie para duas pessoas, com uma cama de casal confort\u00e1vel.<\/p>\n<p data-start=\"1764\" data-end=\"1979\">Vais viajar com crian\u00e7as ou com mais pessoas? Nesse caso, o quarto pode ser ampliado com uma cama de casal extra, o que permite acomodar at\u00e9 quatro pessoas. \u00c9 poss\u00edvel adicionar um ber\u00e7o, mediante pedido.<\/p>\n<\/div>\n<\/div><div class=\"fusion-text fusion-text-2 fusion-text-no-margin\" style=\"--awb-margin-top:15px;--awb-margin-right:80px;--awb-margin-bottom:10px;\"><a  class=\"\" id=\"beds24book_6419_10773_0\" style=\"text-decoration:none;\" href=\"https:\/\/casatraca.com\/pt-pt\/portugues-sobre-nos-portugal\/?1&#038;ownerid=6419&#038;propid=10773&#038;checkin=2026-09-12&#038;numnight=2&#038;numadult=2&#038;numchild=0&#038;referer=Website+Casa+Traca&#038;\" ><button class=\"beds24_bookbutton\" style=\"cursor: pointer;color: #ffffff;padding: 14px;background-color: #280d7a;\">Reserva o quarto bizantino<\/button><\/a>\n<\/div><\/div><\/div><\/div><\/div><div class=\"fusion-fullwidth fullwidth-box fusion-builder-row-2 fusion-flex-container has-pattern-background has-mask-background nonhundred-percent-fullwidth non-hundred-percent-height-scrolling\" style=\"--awb-border-radius-top-left:0px;--awb-border-radius-top-right:0px;--awb-border-radius-bottom-right:0px;--awb-border-radius-bottom-left:0px;--awb-flex-wrap:wrap;\" ><div class=\"fusion-builder-row fusion-row fusion-flex-align-items-flex-start fusion-flex-content-wrap\" style=\"max-width:1248px;margin-left: calc(-4% \/ 2 );margin-right: calc(-4% \/ 2 );\"><div class=\"fusion-layout-column fusion_builder_column fusion-builder-column-1 fusion_builder_column_1_3 1_3 fusion-flex-column\" style=\"--awb-bg-size:cover;--awb-width-large:33.333333333333%;--awb-margin-top-large:0px;--awb-spacing-right-large:5.76%;--awb-margin-bottom-large:20px;--awb-spacing-left-large:5.76%;--awb-width-medium:33.333333333333%;--awb-order-medium:0;--awb-spacing-right-medium:5.76%;--awb-spacing-left-medium:5.76%;--awb-width-small:100%;--awb-order-small:0;--awb-spacing-right-small:1.92%;--awb-spacing-left-small:1.92%;\"><div class=\"fusion-column-wrapper fusion-column-has-shadow fusion-flex-justify-content-flex-start fusion-content-layout-column\"><div class=\"fusion-image-element\" style=\"--awb-caption-title-font-family:var(--h2_typography-font-family);--awb-caption-title-font-weight:var(--h2_typography-font-weight);--awb-caption-title-font-style:var(--h2_typography-font-style);--awb-caption-title-size:var(--h2_typography-font-size);--awb-caption-title-transform:var(--h2_typography-text-transform);--awb-caption-title-line-height:var(--h2_typography-line-height);--awb-caption-title-letter-spacing:var(--h2_typography-letter-spacing);\"><span class=\" fusion-imageframe imageframe-none imageframe-1 hover-type-none\"><img decoding=\"async\" width=\"1843\" height=\"1382\" alt=\"Sala bizantina da Casa Traca\" title=\"Quarto bizantino Casa Traca\" src=\"https:\/\/casatraca.com\/wp-content\/uploads\/2021\/09\/Byzanthijnse-kamer-Casa-Traca.jpg\" class=\"img-responsive wp-image-7065\" srcset=\"https:\/\/casatraca.com\/wp-content\/uploads\/2021\/09\/Byzanthijnse-kamer-Casa-Traca-200x150.jpg 200w, https:\/\/casatraca.com\/wp-content\/uploads\/2021\/09\/Byzanthijnse-kamer-Casa-Traca-400x300.jpg 400w, https:\/\/casatraca.com\/wp-content\/uploads\/2021\/09\/Byzanthijnse-kamer-Casa-Traca-600x450.jpg 600w, https:\/\/casatraca.com\/wp-content\/uploads\/2021\/09\/Byzanthijnse-kamer-Casa-Traca-800x600.jpg 800w, https:\/\/casatraca.com\/wp-content\/uploads\/2021\/09\/Byzanthijnse-kamer-Casa-Traca-1200x900.jpg 1200w, https:\/\/casatraca.com\/wp-content\/uploads\/2021\/09\/Byzanthijnse-kamer-Casa-Traca.jpg 1843w\" sizes=\"(max-width: 640px) 100vw, 400px\"><\/span><\/div><\/div><\/div><div class=\"fusion-layout-column fusion_builder_column fusion-builder-column-2 fusion_builder_column_1_3 1_3 fusion-flex-column\" style=\"--awb-bg-size:cover;--awb-width-large:33.333333333333%;--awb-margin-top-large:0px;--awb-spacing-right-large:5.76%;--awb-margin-bottom-large:20px;--awb-spacing-left-large:5.76%;--awb-width-medium:33.333333333333%;--awb-order-medium:0;--awb-spacing-right-medium:5.76%;--awb-spacing-left-medium:5.76%;--awb-width-small:100%;--awb-order-small:0;--awb-spacing-right-small:1.92%;--awb-spacing-left-small:1.92%;\"><div class=\"fusion-column-wrapper fusion-column-has-shadow fusion-flex-justify-content-flex-start fusion-content-layout-column\"><div class=\"fusion-image-element\" style=\"--awb-caption-title-font-family:var(--h2_typography-font-family);--awb-caption-title-font-weight:var(--h2_typography-font-weight);--awb-caption-title-font-style:var(--h2_typography-font-style);--awb-caption-title-size:var(--h2_typography-font-size);--awb-caption-title-transform:var(--h2_typography-text-transform);--awb-caption-title-line-height:var(--h2_typography-line-height);--awb-caption-title-letter-spacing:var(--h2_typography-letter-spacing);\"><span class=\" fusion-imageframe imageframe-none imageframe-2 hover-type-none\"><img decoding=\"async\" width=\"1024\" height=\"768\" alt=\"Quarto bizantino - Alojamento e pequeno-almo\u00e7o no centro de Portugal\" title=\"Sala Bizantina 4\" src=\"https:\/\/casatraca.com\/wp-content\/uploads\/2019\/06\/Byzantijnze-kamer-4-1024x768.jpg\" class=\"img-responsive wp-image-5922\" srcset=\"https:\/\/casatraca.com\/wp-content\/uploads\/2019\/06\/Byzantijnze-kamer-4-300x225.jpg 300w, https:\/\/casatraca.com\/wp-content\/uploads\/2019\/06\/Byzantijnze-kamer-4-768x576.jpg 768w, https:\/\/casatraca.com\/wp-content\/uploads\/2019\/06\/Byzantijnze-kamer-4-1024x768.jpg 1024w\" sizes=\"(max-width: 1024px) 100vw, 1024px\"><\/span><\/div><\/div><\/div><div class=\"fusion-layout-column fusion_builder_column fusion-builder-column-3 fusion_builder_column_1_3 1_3 fusion-flex-column\" style=\"--awb-bg-size:cover;--awb-width-large:33.333333333333%;--awb-margin-top-large:0px;--awb-spacing-right-large:5.76%;--awb-margin-bottom-large:20px;--awb-spacing-left-large:5.76%;--awb-width-medium:33.333333333333%;--awb-order-medium:0;--awb-spacing-right-medium:5.76%;--awb-spacing-left-medium:5.76%;--awb-width-small:100%;--awb-order-small:0;--awb-spacing-right-small:1.92%;--awb-spacing-left-small:1.92%;\"><div class=\"fusion-column-wrapper fusion-column-has-shadow fusion-flex-justify-content-flex-start fusion-content-layout-column\"><div class=\"fusion-image-element\" style=\"--awb-caption-title-font-family:var(--h2_typography-font-family);--awb-caption-title-font-weight:var(--h2_typography-font-weight);--awb-caption-title-font-style:var(--h2_typography-font-style);--awb-caption-title-size:var(--h2_typography-font-size);--awb-caption-title-transform:var(--h2_typography-text-transform);--awb-caption-title-line-height:var(--h2_typography-line-height);--awb-caption-title-letter-spacing:var(--h2_typography-letter-spacing);\"><span class=\" fusion-imageframe imageframe-none imageframe-3 hover-type-none\"><img decoding=\"async\" width=\"1024\" height=\"768\" alt=\"Quarto bizantino - Bed and Breakfast no centro de Portugal\" title=\"Sala Bizantina 3\" src=\"https:\/\/casatraca.com\/wp-content\/uploads\/2019\/06\/Byzantijnse-kamer-3-1024x768.jpg\" class=\"img-responsive wp-image-5921\" srcset=\"https:\/\/casatraca.com\/wp-content\/uploads\/2019\/06\/Byzantijnse-kamer-3-300x225.jpg 300w, https:\/\/casatraca.com\/wp-content\/uploads\/2019\/06\/Byzantijnse-kamer-3-768x576.jpg 768w, https:\/\/casatraca.com\/wp-content\/uploads\/2019\/06\/Byzantijnse-kamer-3-1024x768.jpg 1024w\" sizes=\"(max-width: 1024px) 100vw, 1024px\"><\/span><\/div><\/div><\/div><div class=\"fusion-layout-column fusion_builder_column fusion-builder-column-4 fusion_builder_column_1_3 1_3 fusion-flex-column\" style=\"--awb-bg-size:cover;--awb-width-large:33.333333333333%;--awb-margin-top-large:0px;--awb-spacing-right-large:5.76%;--awb-margin-bottom-large:20px;--awb-spacing-left-large:5.76%;--awb-width-medium:33.333333333333%;--awb-order-medium:0;--awb-spacing-right-medium:5.76%;--awb-spacing-left-medium:5.76%;--awb-width-small:100%;--awb-order-small:0;--awb-spacing-right-small:1.92%;--awb-spacing-left-small:1.92%;\"><div class=\"fusion-column-wrapper fusion-column-has-shadow fusion-flex-justify-content-flex-start fusion-content-layout-column\"><div class=\"fusion-image-element\" style=\"--awb-caption-title-font-family:var(--h2_typography-font-family);--awb-caption-title-font-weight:var(--h2_typography-font-weight);--awb-caption-title-font-style:var(--h2_typography-font-style);--awb-caption-title-size:var(--h2_typography-font-size);--awb-caption-title-transform:var(--h2_typography-text-transform);--awb-caption-title-line-height:var(--h2_typography-line-height);--awb-caption-title-letter-spacing:var(--h2_typography-letter-spacing);\"><span class=\" fusion-imageframe imageframe-none imageframe-4 hover-type-none\"><img decoding=\"async\" width=\"640\" height=\"480\" alt=\"Quarto Bizantina\" title=\"Quarto bizantina (4)\" src=\"https:\/\/casatraca.com\/wp-content\/uploads\/2019\/10\/Byzanthijnse-kamer-4.jpg\" class=\"img-responsive wp-image-4897\" srcset=\"https:\/\/casatraca.com\/wp-content\/uploads\/2019\/10\/Byzanthijnse-kamer-4-300x225.jpg 300w, https:\/\/casatraca.com\/wp-content\/uploads\/2019\/10\/Byzanthijnse-kamer-4.jpg 640w\" sizes=\"(max-width: 640px) 100vw, 640px\"><\/span><\/div><\/div><\/div><div class=\"fusion-layout-column fusion_builder_column fusion-builder-column-5 fusion_builder_column_1_3 1_3 fusion-flex-column\" style=\"--awb-bg-size:cover;--awb-width-large:33.333333333333%;--awb-margin-top-large:0px;--awb-spacing-right-large:5.76%;--awb-margin-bottom-large:20px;--awb-spacing-left-large:5.76%;--awb-width-medium:33.333333333333%;--awb-order-medium:0;--awb-spacing-right-medium:5.76%;--awb-spacing-left-medium:5.76%;--awb-width-small:100%;--awb-order-small:0;--awb-spacing-right-small:1.92%;--awb-spacing-left-small:1.92%;\"><div class=\"fusion-column-wrapper fusion-column-has-shadow fusion-flex-justify-content-flex-start fusion-content-layout-column\"><div class=\"fusion-image-element\" style=\"--awb-caption-title-font-family:var(--h2_typography-font-family);--awb-caption-title-font-weight:var(--h2_typography-font-weight);--awb-caption-title-font-style:var(--h2_typography-font-style);--awb-caption-title-size:var(--h2_typography-font-size);--awb-caption-title-transform:var(--h2_typography-text-transform);--awb-caption-title-line-height:var(--h2_typography-line-height);--awb-caption-title-letter-spacing:var(--h2_typography-letter-spacing);\"><span class=\" fusion-imageframe imageframe-none imageframe-5 hover-type-none\"><img decoding=\"async\" width=\"1024\" height=\"768\" alt=\"Varanda do quarto bizantino\" title=\"Varanda do quarto bizantino (2)\" src=\"https:\/\/casatraca.com\/wp-content\/uploads\/2018\/10\/Balkon-byzanthijnse-kamer-2-1024x768.jpg\" class=\"img-responsive wp-image-5920\" srcset=\"https:\/\/casatraca.com\/wp-content\/uploads\/2018\/10\/Balkon-byzanthijnse-kamer-2-300x225.jpg 300w, https:\/\/casatraca.com\/wp-content\/uploads\/2018\/10\/Balkon-byzanthijnse-kamer-2-768x576.jpg 768w, https:\/\/casatraca.com\/wp-content\/uploads\/2018\/10\/Balkon-byzanthijnse-kamer-2-1024x768.jpg 1024w\" sizes=\"(max-width: 1024px) 100vw, 1024px\"><\/span><\/div><\/div><\/div><div class=\"fusion-layout-column fusion_builder_column fusion-builder-column-6 fusion_builder_column_1_3 1_3 fusion-flex-column\" style=\"--awb-bg-size:cover;--awb-width-large:33.333333333333%;--awb-margin-top-large:0px;--awb-spacing-right-large:5.76%;--awb-margin-bottom-large:20px;--awb-spacing-left-large:5.76%;--awb-width-medium:33.333333333333%;--awb-order-medium:0;--awb-spacing-right-medium:5.76%;--awb-spacing-left-medium:5.76%;--awb-width-small:100%;--awb-order-small:0;--awb-spacing-right-small:1.92%;--awb-spacing-left-small:1.92%;\"><div class=\"fusion-column-wrapper fusion-column-has-shadow fusion-flex-justify-content-flex-start fusion-content-layout-column\"><div class=\"fusion-image-element\" style=\"--awb-caption-title-font-family:var(--h2_typography-font-family);--awb-caption-title-font-weight:var(--h2_typography-font-weight);--awb-caption-title-font-style:var(--h2_typography-font-style);--awb-caption-title-size:var(--h2_typography-font-size);--awb-caption-title-transform:var(--h2_typography-text-transform);--awb-caption-title-line-height:var(--h2_typography-line-height);--awb-caption-title-letter-spacing:var(--h2_typography-letter-spacing);\"><span class=\" fusion-imageframe imageframe-none imageframe-6 hover-type-none\"><img decoding=\"async\" width=\"653\" height=\"490\" alt=\"Cama extra no quarto bizantino\" title=\"Sala Byzanthin\" src=\"https:\/\/casatraca.com\/wp-content\/uploads\/2018\/10\/Byzanthijnse-kamer-2-1.jpg\" class=\"img-responsive wp-image-5389\" srcset=\"https:\/\/casatraca.com\/wp-content\/uploads\/2018\/10\/Byzanthijnse-kamer-2-1-300x225.jpg 300w, https:\/\/casatraca.com\/wp-content\/uploads\/2018\/10\/Byzanthijnse-kamer-2-1.jpg 653w\" sizes=\"(max-width: 653px) 100vw, 653px\"><\/span><\/div><\/div><\/div><\/div><\/div><div class=\"fusion-fullwidth fullwidth-box fusion-builder-row-3 fusion-flex-container has-pattern-background has-mask-background nonhundred-percent-fullwidth non-hundred-percent-height-scrolling\" style=\"--awb-border-radius-top-left:0px;--awb-border-radius-top-right:0px;--awb-border-radius-bottom-right:0px;--awb-border-radius-bottom-left:0px;--awb-flex-wrap:wrap;\" ><div class=\"fusion-builder-row fusion-row fusion-flex-align-items-flex-start fusion-flex-content-wrap\" style=\"max-width:1248px;margin-left: calc(-4% \/ 2 );margin-right: calc(-4% \/ 2 );\"><div class=\"fusion-layout-column fusion_builder_column fusion-builder-column-7 fusion_builder_column_1_2 1_2 fusion-flex-column\" style=\"--awb-bg-size:cover;--awb-width-large:50%;--awb-margin-top-large:0px;--awb-spacing-right-large:3.84%;--awb-margin-bottom-large:20px;--awb-spacing-left-large:3.84%;--awb-width-medium:50%;--awb-order-medium:0;--awb-spacing-right-medium:3.84%;--awb-spacing-left-medium:3.84%;--awb-width-small:100%;--awb-order-small:0;--awb-spacing-right-small:1.92%;--awb-spacing-left-small:1.92%;\"><div class=\"fusion-column-wrapper fusion-column-has-shadow fusion-flex-justify-content-flex-start fusion-content-layout-column\"><div class=\"fusion-video fusion-youtube\" style=\"--awb-max-width:600px;--awb-max-height:350px;--awb-align-self:center;--awb-width:100%;\"><div class=\"video-shortcode\"><div class=\"fluid-width-video-wrapper\" style=\"padding-top:58.33%;\" ><iframe title=\"YouTube video player 1\" src=\"https:\/\/www.youtube.com\/embed\/kRUj7nXspp8?wmode=transparent&autoplay=0\" width=\"600\" height=\"350\" allowfullscreen allow=\"autoplay; clipboard-write; encrypted-media; gyroscope; picture-in-picture;\"><\/iframe><\/div><\/div><\/div><\/div><\/div><div class=\"fusion-layout-column fusion_builder_column fusion-builder-column-8 fusion_builder_column_1_2 1_2 fusion-flex-column\" style=\"--awb-bg-size:cover;--awb-width-large:50%;--awb-margin-top-large:0px;--awb-spacing-right-large:3.84%;--awb-margin-bottom-large:20px;--awb-spacing-left-large:3.84%;--awb-width-medium:50%;--awb-order-medium:0;--awb-spacing-right-medium:3.84%;--awb-spacing-left-medium:3.84%;--awb-width-small:100%;--awb-order-small:0;--awb-spacing-right-small:1.92%;--awb-spacing-left-small:1.92%;\"><div class=\"fusion-column-wrapper fusion-column-has-shadow fusion-flex-justify-content-flex-start fusion-content-layout-column\"><div class=\"fusion-text fusion-text-3\"><h3 class=\"PDq2pG_selectionAnchorContainer\" data-start=\"2229\" data-end=\"2240\">Casa de banho<\/h3>\n<p data-start=\"2242\" data-end=\"2470\">O Quarto Bizantino tem acesso \u00e0 espa\u00e7osa casa de banho partilhada no primeiro andar. Como a Casa Traca \u00e9 um Bed &amp; Breakfast de pequena dimens\u00e3o, na pr\u00e1tica esta casa de banho \u00e9 partilhada apenas por um n\u00famero reduzido de h\u00f3spedes.<\/p>\n<p data-start=\"2472\" data-end=\"2633\">Al\u00e9m disso, se a ocupa\u00e7\u00e3o o permitir, tenho todo o gosto em oferecer-te a possibilidade de usares a luxuosa casa de banho do r\u00e9s-do-ch\u00e3o, que foi recentemente renovada na totalidade.<\/p>\n<\/div><\/div><\/div><\/div><\/div><div class=\"fusion-fullwidth fullwidth-box fusion-builder-row-4 fusion-flex-container nonhundred-percent-fullwidth non-hundred-percent-height-scrolling\" style=\"--awb-border-radius-top-left:0px;--awb-border-radius-top-right:0px;--awb-border-radius-bottom-right:0px;--awb-border-radius-bottom-left:0px;--awb-flex-wrap:wrap;\" ><div class=\"fusion-builder-row fusion-row fusion-flex-align-items-flex-start fusion-flex-content-wrap\" style=\"max-width:1248px;margin-left: calc(-4% \/ 2 );margin-right: calc(-4% \/ 2 );\"><div class=\"fusion-layout-column fusion_builder_column fusion-builder-column-9 fusion_builder_column_1_1 1_1 fusion-flex-column\" style=\"--awb-bg-size:cover;--awb-width-large:100%;--awb-margin-top-large:0px;--awb-spacing-right-large:1.92%;--awb-margin-bottom-large:20px;--awb-spacing-left-large:1.92%;--awb-width-medium:100%;--awb-order-medium:0;--awb-spacing-right-medium:1.92%;--awb-spacing-left-medium:1.92%;--awb-width-small:100%;--awb-order-small:0;--awb-spacing-right-small:1.92%;--awb-spacing-left-small:1.92%;\"><div class=\"fusion-column-wrapper fusion-column-has-shadow fusion-flex-justify-content-flex-start fusion-content-layout-column\"><div class=\"fusion-title title fusion-title-2 fusion-sep-none fusion-title-center fusion-title-text fusion-title-size-four\" style=\"--awb-margin-top-small:10px;--awb-margin-right-small:0px;--awb-margin-bottom-small:10px;--awb-margin-left-small:0px;\"><h4 class=\"fusion-title-heading title-heading-center\" style=\"margin:0;\"><h3>Especifica\u00e7\u00f5es do quarto bizantino<\/h3><\/h4><\/div><\/div><\/div><div class=\"fusion-layout-column fusion_builder_column fusion-builder-column-10 fusion_builder_column_1_3 1_3 fusion-flex-column fusion-flex-align-self-center\" style=\"--awb-bg-size:cover;--awb-width-large:33.333333333333%;--awb-margin-top-large:0px;--awb-spacing-right-large:5.76%;--awb-margin-bottom-large:20px;--awb-spacing-left-large:5.76%;--awb-width-medium:33.333333333333%;--awb-order-medium:0;--awb-spacing-right-medium:5.76%;--awb-spacing-left-medium:5.76%;--awb-width-small:100%;--awb-order-small:0;--awb-spacing-right-small:1.92%;--awb-spacing-left-small:1.92%;\"><div class=\"fusion-column-wrapper fusion-column-has-shadow fusion-flex-justify-content-center fusion-content-layout-column\"><ul style=\"--awb-line-height:27.2px;--awb-icon-width:27.2px;--awb-icon-height:27.2px;--awb-icon-margin:11.2px;--awb-content-margin:38.4px;--awb-circlecolor:#65bc7b;--awb-circle-yes-font-size:14.08px;\" class=\"fusion-checklist fusion-checklist-1 fusion-checklist-default type-icons\"><li class=\"fusion-li-item\" style=\"\"><span class=\"icon-wrapper circle-yes\"><i class=\"fusion-li-icon fa-user fas\" aria-hidden=\"true\"><\/i><\/span><div class=\"fusion-li-item-content\">\n<p>Ideal para 2 a 4 pessoas<\/p>\n<\/div><\/li><li class=\"fusion-li-item\" style=\"\"><span class=\"icon-wrapper circle-yes\"><i class=\"fusion-li-icon fa-sun fas\" aria-hidden=\"true\"><\/i><\/span><div class=\"fusion-li-item-content\">\n<p>Grande varanda privada<\/p>\n<\/div><\/li><li class=\"fusion-li-item\" style=\"\"><span class=\"icon-wrapper circle-yes\"><i class=\"fusion-li-icon fa-heart fas\" aria-hidden=\"true\"><\/i><\/span><div class=\"fusion-li-item-content\">\n<p>Decora\u00e7\u00e3o acolhedora em estilo turco<\/p>\n<\/div><\/li><li class=\"fusion-li-item\" style=\"\"><span class=\"icon-wrapper circle-yes\"><i class=\"fusion-li-icon fa-expand-alt fas\" aria-hidden=\"true\"><\/i><\/span><div class=\"fusion-li-item-content\">\n<p>Quarto espa\u00e7oso e confort\u00e1vel<\/p>\n<\/div><\/li><li class=\"fusion-li-item\" style=\"\"><span class=\"icon-wrapper circle-yes\"><i class=\"fusion-li-icon fa-paw fas\" aria-hidden=\"true\"><\/i><\/span><div class=\"fusion-li-item-content\">\n<p>C\u00e3es s\u00e3o bem-vindos<\/p>\n<\/div><\/li><li class=\"fusion-li-item\" style=\"\"><span class=\"icon-wrapper circle-yes\"><i class=\"fusion-li-icon fa-baby fas\" aria-hidden=\"true\"><\/i><\/span><div class=\"fusion-li-item-content\">\n<p>Ber\u00e7o dispon\u00edvel<\/p>\n<\/div><\/li><li class=\"fusion-li-item\" style=\"\"><span class=\"icon-wrapper circle-yes\"><i class=\"fusion-li-icon fa-wifi fas\" aria-hidden=\"true\"><\/i><\/span><div class=\"fusion-li-item-content\">\n<p>Wi-Fi gratuito<\/p>\n<\/div><\/li><\/ul><\/div><\/div><div class=\"fusion-layout-column fusion_builder_column fusion-builder-column-11 fusion_builder_column_1_3 1_3 fusion-flex-column\" style=\"--awb-bg-size:cover;--awb-width-large:33.333333333333%;--awb-margin-top-large:0px;--awb-spacing-right-large:5.76%;--awb-margin-bottom-large:20px;--awb-spacing-left-large:5.76%;--awb-width-medium:33.333333333333%;--awb-order-medium:0;--awb-spacing-right-medium:5.76%;--awb-spacing-left-medium:5.76%;--awb-width-small:100%;--awb-order-small:0;--awb-spacing-right-small:1.92%;--awb-spacing-left-small:1.92%;\"><div class=\"fusion-column-wrapper fusion-column-has-shadow fusion-flex-justify-content-flex-start fusion-content-layout-column\"><i class=\"fb-icon-element-1 fb-icon-element fontawesome-icon fa-check fas circle-yes fusion-text-flow\" style=\"--awb-circlecolor:#011b56;--awb-circlebordersize:1px;--awb-font-size:28.16px;--awb-width:56.32px;--awb-height:56.32px;--awb-line-height:54.32px;--awb-margin-right:16px;\"><\/i><ul style=\"--awb-line-height:27.2px;--awb-icon-width:27.2px;--awb-icon-height:27.2px;--awb-icon-margin:11.2px;--awb-content-margin:38.4px;--awb-circlecolor:#65bc7b;--awb-circle-yes-font-size:14.08px;\" class=\"fusion-checklist fusion-checklist-2 fusion-checklist-default type-icons\"><li class=\"fusion-li-item\" style=\"\"><span class=\"icon-wrapper circle-yes\"><i class=\"fusion-li-icon fa-tshirt fas\" aria-hidden=\"true\"><\/i><\/span><div class=\"fusion-li-item-content\">\n<p>Inclui roup\u00f5es de banho, secador de cabelo e sabonete<\/p>\n<\/div><\/li><li class=\"fusion-li-item\" style=\"\"><span class=\"icon-wrapper circle-yes\"><i class=\"fusion-li-icon fa-coffee fas\" aria-hidden=\"true\"><\/i><\/span><div class=\"fusion-li-item-content\">\n<p>Caf\u00e9 e ch\u00e1 gr\u00e1tis no quarto<\/p>\n<\/div><\/li><li class=\"fusion-li-item\" style=\"\"><span class=\"icon-wrapper circle-yes\"><i class=\"fusion-li-icon fa-bread-slice fas\" aria-hidden=\"true\"><\/i><\/span><div class=\"fusion-li-item-content\">\n<p>Com pequeno-almo\u00e7o inclu\u00eddo<\/p>\n<\/div><\/li><li class=\"fusion-li-item\" style=\"\"><span class=\"icon-wrapper circle-yes\"><i class=\"fusion-li-icon fa-baby fas\" aria-hidden=\"true\"><\/i><\/span><div class=\"fusion-li-item-content\">\n<p>Possibilidade de adicionar um ber\u00e7o<\/p>\n<\/div><\/li><\/ul><\/div><\/div><div class=\"fusion-layout-column fusion_builder_column fusion-builder-column-12 fusion_builder_column_1_3 1_3 fusion-flex-column\" style=\"--awb-bg-size:cover;--awb-width-large:33.333333333333%;--awb-margin-top-large:0px;--awb-spacing-right-large:5.76%;--awb-margin-bottom-large:20px;--awb-spacing-left-large:5.76%;--awb-width-medium:33.333333333333%;--awb-order-medium:0;--awb-spacing-right-medium:5.76%;--awb-spacing-left-medium:5.76%;--awb-width-small:100%;--awb-order-small:0;--awb-spacing-right-small:1.92%;--awb-spacing-left-small:1.92%;\"><div class=\"fusion-column-wrapper fusion-column-has-shadow fusion-flex-justify-content-flex-start fusion-content-layout-column\"><ul style=\"--awb-line-height:27.2px;--awb-icon-width:27.2px;--awb-icon-height:27.2px;--awb-icon-margin:11.2px;--awb-content-margin:38.4px;--awb-circlecolor:#65bc7b;--awb-circle-yes-font-size:14.08px;\" class=\"fusion-checklist fusion-checklist-3 fusion-checklist-default type-icons\"><li class=\"fusion-li-item\" style=\"\"><span class=\"icon-wrapper circle-yes\"><i class=\"fusion-li-icon fa-bed fas\" aria-hidden=\"true\"><\/i><\/span><div class=\"fusion-li-item-content\">\n<p>1 cama de casal<\/p>\n<\/div><\/li><li class=\"fusion-li-item\" style=\"\"><span class=\"icon-wrapper circle-yes\"><i class=\"fusion-li-icon fa-bed fas\" aria-hidden=\"true\"><\/i><\/span><div class=\"fusion-li-item-content\">\n<p>1 sof\u00e1-cama, de casal<\/p>\n<\/div><\/li><li class=\"fusion-li-item\" style=\"\"><span class=\"icon-wrapper circle-yes\"><i class=\"fusion-li-icon fa-home fas\" aria-hidden=\"true\"><\/i><\/span><div class=\"fusion-li-item-content\">\n<p>\u00c1rea do quarto: 35 m\u00b2<\/p>\n<\/div><\/li><li class=\"fusion-li-item\" style=\"\"><span class=\"icon-wrapper circle-yes\"><i class=\"fusion-li-icon fa-clock fas\" aria-hidden=\"true\"><\/i><\/span><div class=\"fusion-li-item-content\">\n<p>\u00c9 poss\u00edvel fazer o check-out mais tarde<\/p>\n<\/div><\/li><li class=\"fusion-li-item\" style=\"\"><span class=\"icon-wrapper circle-yes\"><i class=\"fusion-li-icon fa-dog fas\" aria-hidden=\"true\"><\/i><\/span><div class=\"fusion-li-item-content\">\n<p>S\u00e3o permitidos c\u00e3es neste quarto<\/p>\n<\/div><\/li><\/ul><\/div><\/div><\/div><\/div><div class=\"fusion-fullwidth fullwidth-box fusion-builder-row-5 fusion-flex-container has-pattern-background has-mask-background nonhundred-percent-fullwidth non-hundred-percent-height-scrolling\" style=\"--link_color: var(--awb-color1);--awb-border-radius-top-left:0px;--awb-border-radius-top-right:0px;--awb-border-radius-bottom-right:0px;--awb-border-radius-bottom-left:0px;--awb-flex-wrap:wrap;\" ><div class=\"fusion-builder-row fusion-row fusion-flex-align-items-flex-start fusion-flex-content-wrap\" style=\"max-width:1248px;margin-left: calc(-4% \/ 2 );margin-right: calc(-4% \/ 2 );\"><div class=\"fusion-layout-column fusion_builder_column fusion-builder-column-13 fusion_builder_column_1_1 1_1 fusion-flex-column\" style=\"--awb-bg-size:cover;--awb-width-large:100%;--awb-margin-top-large:0px;--awb-spacing-right-large:1.92%;--awb-margin-bottom-large:20px;--awb-spacing-left-large:1.92%;--awb-width-medium:100%;--awb-order-medium:0;--awb-spacing-right-medium:1.92%;--awb-spacing-left-medium:1.92%;--awb-width-small:100%;--awb-order-small:0;--awb-spacing-right-small:1.92%;--awb-spacing-left-small:1.92%;\"><div class=\"fusion-column-wrapper fusion-column-has-shadow fusion-flex-justify-content-flex-start fusion-content-layout-column\"><div class=\"fusion-text fusion-text-4\"><div id=\"beds24target_6419_10773_27902\"><iframe onload=\"window.parent.parent.scrollTo(0,0)\" src =\"https:\/\/www.beds24.com\/booking2.php?1&#038;ownerid=6419&#038;propid=10773&#038;roomid=27902&#038;checkin=2026-09-12&#038;numnight=2&#038;numadult=2&#038;numchild=0&#038;referer=Website+Casa+Traca&#038;\" width=\"1400\" height=\"1600\" style=\"max-width:100%;border:none;overflow:auto;\"><p><a href=\"https:\/\/www.beds24.com\/booking2.php?1&#038;ownerid=6419&#038;propid=10773&#038;roomid=27902&#038;checkin=2026-09-12&#038;numnight=2&#038;numadult=2&#038;numchild=0&#038;referer=Website+Casa+Traca&#038;\" target=\"_blank\" rel=\"noopener\">Book Now<\/a><\/p><\/iframe><\/div>\n<\/div><\/div><\/div><\/div><\/div><div class=\"fusion-fullwidth fullwidth-box fusion-builder-row-6 fusion-flex-container has-pattern-background has-mask-background nonhundred-percent-fullwidth non-hundred-percent-height-scrolling\" style=\"--awb-border-radius-top-left:0px;--awb-border-radius-top-right:0px;--awb-border-radius-bottom-right:0px;--awb-border-radius-bottom-left:0px;--awb-flex-wrap:wrap;\" ><div class=\"fusion-builder-row fusion-row fusion-flex-align-items-flex-start fusion-flex-content-wrap\" style=\"max-width:1248px;margin-left: calc(-4% \/ 2 );margin-right: calc(-4% \/ 2 );\"><div class=\"fusion-layout-column fusion_builder_column fusion-builder-column-14 fusion_builder_column_1_1 1_1 fusion-flex-column\" style=\"--awb-bg-size:cover;--awb-width-large:100%;--awb-margin-top-large:0px;--awb-spacing-right-large:1.92%;--awb-margin-bottom-large:20px;--awb-spacing-left-large:1.92%;--awb-width-medium:100%;--awb-order-medium:0;--awb-spacing-right-medium:1.92%;--awb-spacing-left-medium:1.92%;--awb-width-small:100%;--awb-order-small:0;--awb-spacing-right-small:1.92%;--awb-spacing-left-small:1.92%;\"><div class=\"fusion-column-wrapper fusion-column-has-shadow fusion-flex-justify-content-flex-start fusion-content-layout-column\"><div style=\"text-align:center;\"><a class=\"fusion-button button-flat button-xlarge button-default fusion-button-default button-1 fusion-button-default-span fusion-button-default-type\" style=\"--awb-margin-top:15px;\" target=\"_self\" href=\"https:\/\/casatraca.com\/casatraca.com\/pt-pt\/portugues-sobre-nos-portugal\/\"><span class=\"fusion-button-text awb-button__text awb-button__text--default\">Se j\u00e1 n\u00e3o estiver dispon\u00edvel, v\u00ea aqui os outros quartos!<\/span><\/a><\/div><\/div><\/div><\/div><\/div><\/p>\n","protected":false},"excerpt":{"rendered":"","protected":false},"author":2,"featured_media":7065,"parent":10427,"menu_order":0,"comment_status":"closed","ping_status":"closed","template":"","meta":{"footnotes":""},"class_list":["post-10445","page","type-page","status-publish","has-post-thumbnail","hentry"],"_links":{"self":[{"href":"https:\/\/casatraca.com\/pt-pt\/wp-json\/wp\/v2\/pages\/10445","targetHints":{"allow":["GET"]}}],"collection":[{"href":"https:\/\/casatraca.com\/pt-pt\/wp-json\/wp\/v2\/pages"}],"about":[{"href":"https:\/\/casatraca.com\/pt-pt\/wp-json\/wp\/v2\/types\/page"}],"author":[{"embeddable":true,"href":"https:\/\/casatraca.com\/pt-pt\/wp-json\/wp\/v2\/users\/2"}],"replies":[{"embeddable":true,"href":"https:\/\/casatraca.com\/pt-pt\/wp-json\/wp\/v2\/comments?post=10445"}],"version-history":[{"count":4,"href":"https:\/\/casatraca.com\/pt-pt\/wp-json\/wp\/v2\/pages\/10445\/revisions"}],"predecessor-version":[{"id":10466,"href":"https:\/\/casatraca.com\/pt-pt\/wp-json\/wp\/v2\/pages\/10445\/revisions\/10466"}],"up":[{"embeddable":true,"href":"https:\/\/casatraca.com\/pt-pt\/wp-json\/wp\/v2\/pages\/10427"}],"wp:featuredmedia":[{"embeddable":true,"href":"https:\/\/casatraca.com\/pt-pt\/wp-json\/wp\/v2\/media\/7065"}],"wp:attachment":[{"href":"https:\/\/casatraca.com\/pt-pt\/wp-json\/wp\/v2\/media?parent=10445"}],"curies":[{"name":"wp","href":"https:\/\/api.w.org\/{rel}","templated":true}]}}