{"id":10427,"date":"2026-09-03T18:16:16","date_gmt":"2026-09-03T16:16:16","guid":{"rendered":"https:\/\/casatraca.com\/quartos-2\/"},"modified":"2026-09-03T18:46:07","modified_gmt":"2026-09-03T16:46:07","slug":"quartos-2","status":"publish","type":"page","link":"https:\/\/casatraca.com\/pt-pt\/quartos-2\/","title":{"rendered":"Quartos"},"content":{"rendered":"<p><div class=\"fusion-fullwidth fullwidth-box fusion-builder-row-1 fusion-flex-container nonhundred-percent-fullwidth non-hundred-percent-height-scrolling\" style=\"--awb-border-radius-top-left:0px;--awb-border-radius-top-right:0px;--awb-border-radius-bottom-right:0px;--awb-border-radius-bottom-left:0px;--awb-flex-wrap:wrap;\" ><div class=\"fusion-builder-row fusion-row fusion-flex-align-items-flex-start fusion-flex-content-wrap\" style=\"max-width:1248px;margin-left: calc(-4% \/ 2 );margin-right: calc(-4% \/ 2 );\"><div class=\"fusion-layout-column fusion_builder_column fusion-builder-column-0 fusion_builder_column_1_1 1_1 fusion-flex-column\" style=\"--awb-bg-size:cover;--awb-width-large:100%;--awb-margin-top-large:0px;--awb-spacing-right-large:1.92%;--awb-margin-bottom-large:20px;--awb-spacing-left-large:1.92%;--awb-width-medium:100%;--awb-order-medium:0;--awb-spacing-right-medium:1.92%;--awb-spacing-left-medium:1.92%;--awb-width-small:100%;--awb-order-small:0;--awb-spacing-right-small:1.92%;--awb-spacing-left-small:1.92%;\"><div class=\"fusion-column-wrapper fusion-column-has-shadow fusion-flex-justify-content-flex-start fusion-content-layout-column\"><div class=\"fusion-title title fusion-title-1 fusion-sep-none fusion-title-text fusion-title-size-one\" style=\"--awb-margin-top-small:10px;--awb-margin-right-small:0px;--awb-margin-bottom-small:10px;--awb-margin-left-small:0px;\"><h1 class=\"fusion-title-heading title-heading-left\" style=\"margin:0;\">Quartos do Bed &amp; Breakfast Casa Traca<\/h1><\/div><\/div><\/div><\/div><\/div><div class=\"fusion-fullwidth fullwidth-box fusion-builder-row-2 fusion-flex-container nonhundred-percent-fullwidth non-hundred-percent-height-scrolling\" style=\"--awb-border-radius-top-left:0px;--awb-border-radius-top-right:0px;--awb-border-radius-bottom-right:0px;--awb-border-radius-bottom-left:0px;--awb-flex-wrap:wrap;\" ><div class=\"fusion-builder-row fusion-row fusion-flex-align-items-flex-start fusion-flex-content-wrap\" style=\"max-width:1248px;margin-left: calc(-4% \/ 2 );margin-right: calc(-4% \/ 2 );\"><div class=\"fusion-layout-column fusion_builder_column fusion-builder-column-1 fusion_builder_column_1_1 1_1 fusion-flex-column\" style=\"--awb-bg-size:cover;--awb-width-large:100%;--awb-margin-top-large:0px;--awb-spacing-right-large:1.92%;--awb-margin-bottom-large:0px;--awb-spacing-left-large:1.92%;--awb-width-medium:100%;--awb-spacing-right-medium:1.92%;--awb-spacing-left-medium:1.92%;--awb-width-small:100%;--awb-spacing-right-small:1.92%;--awb-spacing-left-small:1.92%;\"><div class=\"fusion-column-wrapper fusion-flex-justify-content-flex-start fusion-content-layout-column\"><div class=\"fusion-text fusion-text-1\"><p class=\"isSelectedEnd\">No primeiro andar do Bed &amp; Breakfast Casa Traca, h\u00e1 tr\u00eas quartos decorados com muito bom gosto, cada um com o seu pr\u00f3prio estilo. Dois deles s\u00e3o bem espa\u00e7osos e oferecem a possibilidade de adicionar uma ou duas camas extra, o que os torna ideais n\u00e3o s\u00f3 para casais, mas tamb\u00e9m para fam\u00edlias ou pequenos grupos de viajantes. O terceiro quarto tem duas camas individuais confort\u00e1veis e \u00e9 uma \u00f3tima escolha para amigos, familiares ou h\u00f3spedes que preferem dormir separados.<\/p>\n<p class=\"isSelectedEnd\">Todos os quartos utilizam a casa de banho partilhada no primeiro andar. Gra\u00e7as \u00e0 dimens\u00e3o reduzida da Casa Traca e ao n\u00famero limitado de h\u00f3spedes, o ambiente mant\u00e9m-se pessoal, tranquilo e descontra\u00eddo. Quando a ocupa\u00e7\u00e3o o permitir, a casa de banho extra no r\u00e9s-do-ch\u00e3o pode ficar dispon\u00edvel ocasionalmente.<\/p>\n<p>Seja qual for o quarto que escolheres, vais sempre desfrutar da tranquilidade, do espa\u00e7o e da hospitalidade que tornam a Casa Traca t\u00e3o especial. Um lugar onde podes relaxar \u00e0 grande depois de um dia repleto de natureza, cultura ou lazer.<\/p>\n<p>.<\/p>\n<\/div><\/div><\/div><\/div><\/div><div class=\"fusion-fullwidth fullwidth-box fusion-builder-row-3 fusion-flex-container nonhundred-percent-fullwidth non-hundred-percent-height-scrolling\" style=\"--awb-border-radius-top-left:0px;--awb-border-radius-top-right:0px;--awb-border-radius-bottom-right:0px;--awb-border-radius-bottom-left:0px;--awb-flex-wrap:wrap;\" ><div class=\"fusion-builder-row fusion-row fusion-flex-align-items-flex-start fusion-flex-content-wrap\" style=\"max-width:1248px;margin-left: calc(-4% \/ 2 );margin-right: calc(-4% \/ 2 );\"><div class=\"fusion-layout-column fusion_builder_column fusion-builder-column-2 fusion_builder_column_1_3 1_3 fusion-flex-column\" style=\"--awb-bg-size:cover;--awb-width-large:33.333333333333%;--awb-margin-top-large:0px;--awb-spacing-right-large:5.76%;--awb-margin-bottom-large:20px;--awb-spacing-left-large:5.76%;--awb-width-medium:33.333333333333%;--awb-order-medium:0;--awb-spacing-right-medium:5.76%;--awb-spacing-left-medium:5.76%;--awb-width-small:100%;--awb-order-small:0;--awb-spacing-right-small:1.92%;--awb-spacing-left-small:1.92%;\"><div class=\"fusion-column-wrapper fusion-column-has-shadow fusion-flex-justify-content-flex-start fusion-content-layout-column\"><div class=\"fusion-image-element\" style=\"text-align:right;--awb-liftup-border-radius:0px;--awb-caption-title-font-family:var(--h2_typography-font-family);--awb-caption-title-font-weight:var(--h2_typography-font-weight);--awb-caption-title-font-style:var(--h2_typography-font-style);--awb-caption-title-size:var(--h2_typography-font-size);--awb-caption-title-transform:var(--h2_typography-text-transform);--awb-caption-title-line-height:var(--h2_typography-line-height);--awb-caption-title-letter-spacing:var(--h2_typography-letter-spacing);\"><div class=\"awb-image-frame awb-image-frame-1 imageframe-liftup\"><span class=\" fusion-imageframe imageframe-none imageframe-1\"><img decoding=\"async\" width=\"1843\" height=\"1382\" alt=\"Quarto Bizantino Bed &amp; Breakfast Casa Traca Central Portugal Arganil\" title=\"Quarto bizantino Casa Traca\" src=\"https:\/\/casatraca.com\/wp-content\/uploads\/2021\/09\/Byzanthijnse-kamer-Casa-Traca.jpg\" class=\"img-responsive wp-image-7065\" srcset=\"https:\/\/casatraca.com\/wp-content\/uploads\/2021\/09\/Byzanthijnse-kamer-Casa-Traca-200x150.jpg 200w, https:\/\/casatraca.com\/wp-content\/uploads\/2021\/09\/Byzanthijnse-kamer-Casa-Traca-400x300.jpg 400w, https:\/\/casatraca.com\/wp-content\/uploads\/2021\/09\/Byzanthijnse-kamer-Casa-Traca-600x450.jpg 600w, https:\/\/casatraca.com\/wp-content\/uploads\/2021\/09\/Byzanthijnse-kamer-Casa-Traca-800x600.jpg 800w, https:\/\/casatraca.com\/wp-content\/uploads\/2021\/09\/Byzanthijnse-kamer-Casa-Traca-1200x900.jpg 1200w, https:\/\/casatraca.com\/wp-content\/uploads\/2021\/09\/Byzanthijnse-kamer-Casa-Traca.jpg 1843w\" sizes=\"(max-width: 640px) 100vw, 400px\"><\/span><\/div><\/div><div ><a class=\"fusion-button button-flat button-xlarge button-default fusion-button-default button-1 fusion-button-span-yes fusion-button-span-default-medium fusion-button-default-type\" style=\"--awb-margin-top:10px;\" target=\"_self\" href=\"https:\/\/casatraca.com\/pt-pt\/quartos\/quarto-bizantina\/\"><span class=\"fusion-button-text awb-button__text awb-button__text--default fusion-button-text-right\">Para a sala bizantina<\/span><span class=\"fusion-button-icon-divider button-icon-divider-right\"><i class=\"fa-bed fas awb-button__icon awb-button__icon--default\" aria-hidden=\"true\"><\/i><\/span><\/a><\/div><\/div><\/div><div class=\"fusion-layout-column fusion_builder_column fusion-builder-column-3 fusion_builder_column_1_3 1_3 fusion-flex-column\" style=\"--awb-bg-size:cover;--awb-width-large:33.333333333333%;--awb-margin-top-large:0px;--awb-spacing-right-large:5.76%;--awb-margin-bottom-large:20px;--awb-spacing-left-large:5.76%;--awb-width-medium:33.333333333333%;--awb-order-medium:0;--awb-spacing-right-medium:5.76%;--awb-spacing-left-medium:5.76%;--awb-width-small:100%;--awb-order-small:0;--awb-spacing-right-small:1.92%;--awb-spacing-left-small:1.92%;\"><div class=\"fusion-column-wrapper fusion-column-has-shadow fusion-flex-justify-content-flex-start fusion-content-layout-column\"><div class=\"fusion-image-element\" style=\"text-align:center;--awb-liftup-border-radius:0px;--awb-caption-title-font-family:var(--h2_typography-font-family);--awb-caption-title-font-weight:var(--h2_typography-font-weight);--awb-caption-title-font-style:var(--h2_typography-font-style);--awb-caption-title-size:var(--h2_typography-font-size);--awb-caption-title-transform:var(--h2_typography-text-transform);--awb-caption-title-line-height:var(--h2_typography-line-height);--awb-caption-title-letter-spacing:var(--h2_typography-letter-spacing);\"><div class=\"awb-image-frame awb-image-frame-2 imageframe-liftup\"><span class=\" fusion-imageframe imageframe-none imageframe-2\"><img decoding=\"async\" width=\"1843\" height=\"1382\" alt=\"Quarto Retro Bed &amp; Breakfast Casa Traca, Arganil Central Portugal\" title=\"Quarto Retro Casa Traca\" src=\"https:\/\/casatraca.com\/wp-content\/uploads\/2021\/09\/Retro-kamer-Casa-Traca.jpg\" class=\"img-responsive wp-image-7062\" srcset=\"https:\/\/casatraca.com\/wp-content\/uploads\/2021\/09\/Retro-kamer-Casa-Traca-200x150.jpg 200w, https:\/\/casatraca.com\/wp-content\/uploads\/2021\/09\/Retro-kamer-Casa-Traca-400x300.jpg 400w, https:\/\/casatraca.com\/wp-content\/uploads\/2021\/09\/Retro-kamer-Casa-Traca-600x450.jpg 600w, https:\/\/casatraca.com\/wp-content\/uploads\/2021\/09\/Retro-kamer-Casa-Traca-800x600.jpg 800w, https:\/\/casatraca.com\/wp-content\/uploads\/2021\/09\/Retro-kamer-Casa-Traca-1200x900.jpg 1200w, https:\/\/casatraca.com\/wp-content\/uploads\/2021\/09\/Retro-kamer-Casa-Traca.jpg 1843w\" sizes=\"(max-width: 640px) 100vw, 400px\"><\/span><\/div><\/div><div ><a class=\"fusion-button button-flat button-xlarge button-default fusion-button-default button-2 fusion-button-span-yes fusion-button-span-default-medium fusion-button-default-type\" style=\"--awb-margin-top:10px;\" target=\"_self\" href=\"https:\/\/casatraca.com\/pt-pt\/quartos\/quarto-retro\/\"><span class=\"fusion-button-text awb-button__text awb-button__text--default fusion-button-text-right\">Para a sala Retro<\/span><span class=\"fusion-button-icon-divider button-icon-divider-right\"><i class=\"fa-bed fas awb-button__icon awb-button__icon--default\" aria-hidden=\"true\"><\/i><\/span><\/a><\/div><\/div><\/div><div class=\"fusion-layout-column fusion_builder_column fusion-builder-column-4 fusion_builder_column_1_3 1_3 fusion-flex-column\" style=\"--awb-bg-size:cover;--awb-width-large:33.333333333333%;--awb-margin-top-large:0px;--awb-spacing-right-large:5.76%;--awb-margin-bottom-large:20px;--awb-spacing-left-large:5.76%;--awb-width-medium:33.333333333333%;--awb-order-medium:0;--awb-spacing-right-medium:5.76%;--awb-spacing-left-medium:5.76%;--awb-width-small:100%;--awb-order-small:0;--awb-spacing-right-small:1.92%;--awb-spacing-left-small:1.92%;\"><div class=\"fusion-column-wrapper fusion-column-has-shadow fusion-flex-justify-content-flex-start fusion-content-layout-column\"><div class=\"fusion-image-element\" style=\"text-align:center;--awb-liftup-border-radius:0px;--awb-caption-title-font-family:var(--h2_typography-font-family);--awb-caption-title-font-weight:var(--h2_typography-font-weight);--awb-caption-title-font-style:var(--h2_typography-font-style);--awb-caption-title-size:var(--h2_typography-font-size);--awb-caption-title-transform:var(--h2_typography-text-transform);--awb-caption-title-line-height:var(--h2_typography-line-height);--awb-caption-title-letter-spacing:var(--h2_typography-letter-spacing);\"><div class=\"awb-image-frame awb-image-frame-3 imageframe-liftup\"><span class=\" fusion-imageframe imageframe-none imageframe-3\"><img decoding=\"async\" width=\"1843\" height=\"1382\" alt=\"Quarto Far East Bed &amp; Breakfast Casa Traca, Arganil Central Portugal\" title=\"Quarto Extremo Oriente Casa Traca\" src=\"https:\/\/casatraca.com\/wp-content\/uploads\/2021\/09\/Far-East-kamer-Casa-Traca.jpg\" class=\"img-responsive wp-image-7071\" srcset=\"https:\/\/casatraca.com\/wp-content\/uploads\/2021\/09\/Far-East-kamer-Casa-Traca-200x150.jpg 200w, https:\/\/casatraca.com\/wp-content\/uploads\/2021\/09\/Far-East-kamer-Casa-Traca-400x300.jpg 400w, https:\/\/casatraca.com\/wp-content\/uploads\/2021\/09\/Far-East-kamer-Casa-Traca-600x450.jpg 600w, https:\/\/casatraca.com\/wp-content\/uploads\/2021\/09\/Far-East-kamer-Casa-Traca-800x600.jpg 800w, https:\/\/casatraca.com\/wp-content\/uploads\/2021\/09\/Far-East-kamer-Casa-Traca-1200x900.jpg 1200w, https:\/\/casatraca.com\/wp-content\/uploads\/2021\/09\/Far-East-kamer-Casa-Traca.jpg 1843w\" sizes=\"(max-width: 640px) 100vw, 400px\"><\/span><\/div><\/div><div ><a class=\"fusion-button button-flat button-xlarge button-default fusion-button-default button-3 fusion-button-span-yes fusion-button-span-default-medium fusion-button-default-type\" style=\"--awb-margin-top:10px;\" target=\"_self\" href=\"https:\/\/casatraca.com\/pt-pt\/quartos\/quarto-oriental\/\"><span class=\"fusion-button-text awb-button__text awb-button__text--default fusion-button-text-right\">Para o quarto do Extremo Oriente<\/span><span class=\"fusion-button-icon-divider button-icon-divider-right\"><i class=\"fa-bed fas awb-button__icon awb-button__icon--default\" aria-hidden=\"true\"><\/i><\/span><\/a><\/div><\/div><\/div><\/div><\/div><div class=\"fusion-fullwidth fullwidth-box fusion-builder-row-4 fusion-flex-container has-pattern-background has-mask-background nonhundred-percent-fullwidth non-hundred-percent-height-scrolling\" style=\"--awb-border-radius-top-left:0px;--awb-border-radius-top-right:0px;--awb-border-radius-bottom-right:0px;--awb-border-radius-bottom-left:0px;--awb-flex-wrap:wrap;\" ><div class=\"fusion-builder-row fusion-row fusion-flex-align-items-flex-start fusion-flex-content-wrap\" style=\"max-width:1248px;margin-left: calc(-4% \/ 2 );margin-right: calc(-4% \/ 2 );\"><div class=\"fusion-layout-column fusion_builder_column fusion-builder-column-5 fusion_builder_column_1_1 1_1 fusion-flex-column\" style=\"--awb-bg-size:cover;--awb-width-large:100%;--awb-margin-top-large:0px;--awb-spacing-right-large:1.92%;--awb-margin-bottom-large:20px;--awb-spacing-left-large:1.92%;--awb-width-medium:100%;--awb-order-medium:0;--awb-spacing-right-medium:1.92%;--awb-spacing-left-medium:1.92%;--awb-width-small:100%;--awb-order-small:0;--awb-spacing-right-small:1.92%;--awb-spacing-left-small:1.92%;\"><div class=\"fusion-column-wrapper fusion-column-has-shadow fusion-flex-justify-content-flex-start fusion-content-layout-column\"><div class=\"fusion-title title fusion-title-2 fusion-title-center fusion-title-text fusion-title-size-two\" style=\"--awb-margin-top-small:10px;--awb-margin-right-small:0px;--awb-margin-bottom-small:10px;--awb-margin-left-small:0px;\"><div class=\"title-sep-container title-sep-container-left\"><div class=\"title-sep sep-double sep-solid\" style=\"border-color:#e2e2e2;\"><\/div><\/div><span class=\"awb-title-spacer\"><\/span><h2 class=\"fusion-title-heading title-heading-center\" style=\"margin:0;\">Sala Bizantina<\/h2><span class=\"awb-title-spacer\"><\/span><div class=\"title-sep-container title-sep-container-right\"><div class=\"title-sep sep-double sep-solid\" style=\"border-color:#e2e2e2;\"><\/div><\/div><\/div><\/div><\/div><div class=\"fusion-layout-column fusion_builder_column fusion-builder-column-6 fusion_builder_column_1_2 1_2 fusion-flex-column\" style=\"--awb-bg-size:cover;--awb-width-large:50%;--awb-margin-top-large:0px;--awb-spacing-right-large:3.84%;--awb-margin-bottom-large:20px;--awb-spacing-left-large:3.84%;--awb-width-medium:50%;--awb-order-medium:0;--awb-spacing-right-medium:3.84%;--awb-spacing-left-medium:3.84%;--awb-width-small:100%;--awb-order-small:0;--awb-spacing-right-small:1.92%;--awb-spacing-left-small:1.92%;\"><div class=\"fusion-column-wrapper fusion-column-has-shadow fusion-flex-justify-content-flex-start fusion-content-layout-column\"><div class=\"fusion-text fusion-text-2\"><p class=\"isSelectedEnd\">Deixa-te surpreender pelo ambiente acolhedor do Quarto Bizantino, inspirado nas cores ricas e nos detalhes caracter\u00edsticos da cultura turca. A decora\u00e7\u00e3o cheia de charme cria um ambiente especial e descontra\u00eddo, enquanto o amplo varand\u00e3o privado \u00e9 um local maravilhoso para desfrutar da tranquilidade e da paisagem verdejante.<\/p>\n<p class=\"isSelectedEnd\">O quarto tem capacidade para duas pessoas e pode ser ampliado para um m\u00e1ximo de quatro pessoas. Por isso, o Quarto Bizantino \u00e9 uma excelente escolha tanto para casais que gostam de espa\u00e7o extra como para fam\u00edlias ou pequenos grupos de viajantes.<\/p>\n<\/div><div class=\"fusion-title title fusion-title-3 fusion-sep-none fusion-title-text fusion-title-size-three\" style=\"--awb-margin-top-small:10px;--awb-margin-right-small:0px;--awb-margin-bottom-small:10px;--awb-margin-left-small:0px;\"><h3 class=\"fusion-title-heading title-heading-left\" style=\"margin:0;\">Caracter\u00edsticas da sala bizantina<\/h3><\/div><ul style=\"--awb-line-height:27.2px;--awb-icon-width:27.2px;--awb-icon-height:27.2px;--awb-icon-margin:11.2px;--awb-content-margin:38.4px;--awb-circlecolor:#65bc7b;--awb-circle-yes-font-size:14.08px;\" class=\"fusion-checklist fusion-checklist-1 fusion-checklist-default type-icons\"><li class=\"fusion-li-item\" style=\"\"><span class=\"icon-wrapper circle-yes\"><i class=\"fusion-li-icon fa-user fas\" aria-hidden=\"true\"><\/i><\/span><div class=\"fusion-li-item-content\">\n<p>Ideal para 2 a 4 pessoas<\/p>\n<\/div><\/li><li class=\"fusion-li-item\" style=\"\"><span class=\"icon-wrapper circle-yes\"><i class=\"fusion-li-icon fa-sun fas\" aria-hidden=\"true\"><\/i><\/span><div class=\"fusion-li-item-content\">\n<p>Grande varanda privada<\/p>\n<\/div><\/li><li class=\"fusion-li-item\" style=\"\"><span class=\"icon-wrapper circle-yes\"><i class=\"fusion-li-icon fa-heart fas\" aria-hidden=\"true\"><\/i><\/span><div class=\"fusion-li-item-content\">\n<p>Decora\u00e7\u00e3o acolhedora em estilo turco<\/p>\n<\/div><\/li><li class=\"fusion-li-item\" style=\"\"><span class=\"icon-wrapper circle-yes\"><i class=\"fusion-li-icon fa-expand-alt fas\" aria-hidden=\"true\"><\/i><\/span><div class=\"fusion-li-item-content\">\n<p>Quarto espa\u00e7oso e confort\u00e1vel<\/p>\n<\/div><\/li><li class=\"fusion-li-item\" style=\"\"><span class=\"icon-wrapper circle-yes\"><i class=\"fusion-li-icon fa-paw fas\" aria-hidden=\"true\"><\/i><\/span><div class=\"fusion-li-item-content\">\n<p>C\u00e3es s\u00e3o bem-vindos<\/p>\n<\/div><\/li><li class=\"fusion-li-item\" style=\"\"><span class=\"icon-wrapper circle-yes\"><i class=\"fusion-li-icon fa-baby fas\" aria-hidden=\"true\"><\/i><\/span><div class=\"fusion-li-item-content\">\n<p>Ber\u00e7o dispon\u00edvel<\/p>\n<\/div><\/li><li class=\"fusion-li-item\" style=\"\"><span class=\"icon-wrapper circle-yes\"><i class=\"fusion-li-icon fa-wifi fas\" aria-hidden=\"true\"><\/i><\/span><div class=\"fusion-li-item-content\">\n<p>Wi-Fi gratuito<\/p>\n<\/div><\/li><\/ul><\/div><\/div><div class=\"fusion-layout-column fusion_builder_column fusion-builder-column-7 fusion_builder_column_1_2 1_2 fusion-flex-column fusion-flex-align-self-center\" style=\"--awb-bg-size:cover;--awb-width-large:50%;--awb-margin-top-large:0px;--awb-spacing-right-large:3.84%;--awb-margin-bottom-large:20px;--awb-spacing-left-large:3.84%;--awb-width-medium:50%;--awb-order-medium:0;--awb-spacing-right-medium:3.84%;--awb-spacing-left-medium:3.84%;--awb-width-small:100%;--awb-order-small:0;--awb-spacing-right-small:1.92%;--awb-spacing-left-small:1.92%;\" data-scroll-devices=\"small-visibility,medium-visibility,large-visibility\"><div class=\"fusion-column-wrapper fusion-column-has-shadow fusion-flex-justify-content-center fusion-content-layout-column\"><div class=\"fusion-image-element\" style=\"--awb-caption-title-font-family:var(--h2_typography-font-family);--awb-caption-title-font-weight:var(--h2_typography-font-weight);--awb-caption-title-font-style:var(--h2_typography-font-style);--awb-caption-title-size:var(--h2_typography-font-size);--awb-caption-title-transform:var(--h2_typography-text-transform);--awb-caption-title-line-height:var(--h2_typography-line-height);--awb-caption-title-letter-spacing:var(--h2_typography-letter-spacing);\"><span class=\" fusion-imageframe imageframe-none imageframe-4 hover-type-none\"><img decoding=\"async\" width=\"3264\" height=\"2448\" alt=\"Quarto bizantino - Bed and Breakfast no centro de Portugal\" title=\"Sala Bizantina 3\" src=\"https:\/\/casatraca.com\/wp-content\/uploads\/2019\/06\/Byzantijnse-kamer-3.jpg\" class=\"img-responsive wp-image-5921\" srcset=\"https:\/\/casatraca.com\/wp-content\/uploads\/2019\/06\/Byzantijnse-kamer-3-300x225.jpg 300w, https:\/\/casatraca.com\/wp-content\/uploads\/2019\/06\/Byzantijnse-kamer-3-768x576.jpg 768w, https:\/\/casatraca.com\/wp-content\/uploads\/2019\/06\/Byzantijnse-kamer-3-1024x768.jpg 1024w, https:\/\/casatraca.com\/wp-content\/uploads\/2019\/06\/Byzantijnse-kamer-3.jpg 3264w\" sizes=\"(max-width: 3264px) 100vw, 3264px\"><\/span><\/div><div style=\"text-align:center;\"><a class=\"fusion-button button-flat button-large button-default fusion-button-default button-4 fusion-button-default-span fusion-button-default-type\" style=\"--awb-margin-top:15px;\" target=\"_self\" href=\"https:\/\/casatraca.com\/pt-pt\/quartos\/quarto-bizantina\/\"><span class=\"fusion-button-text awb-button__text awb-button__text--default\">D\u00e1 uma olhadela na sala bizantina <\/span><i class=\"fa-arrow-right fas awb-button__icon awb-button__icon--default button-icon-right\" aria-hidden=\"true\"><\/i><\/a><\/div><\/div><\/div><\/div><\/div><div class=\"fusion-fullwidth fullwidth-box fusion-builder-row-5 fusion-flex-container has-pattern-background has-mask-background nonhundred-percent-fullwidth non-hundred-percent-height-scrolling\" style=\"--awb-border-radius-top-left:0px;--awb-border-radius-top-right:0px;--awb-border-radius-bottom-right:0px;--awb-border-radius-bottom-left:0px;--awb-flex-wrap:wrap;\" ><div class=\"fusion-builder-row fusion-row fusion-flex-align-items-flex-start fusion-flex-content-wrap\" style=\"max-width:1248px;margin-left: calc(-4% \/ 2 );margin-right: calc(-4% \/ 2 );\"><div class=\"fusion-layout-column fusion_builder_column fusion-builder-column-8 fusion_builder_column_1_1 1_1 fusion-flex-column\" style=\"--awb-bg-size:cover;--awb-width-large:100%;--awb-margin-top-large:0px;--awb-spacing-right-large:1.92%;--awb-margin-bottom-large:20px;--awb-spacing-left-large:1.92%;--awb-width-medium:100%;--awb-order-medium:0;--awb-spacing-right-medium:1.92%;--awb-spacing-left-medium:1.92%;--awb-width-small:100%;--awb-order-small:0;--awb-spacing-right-small:1.92%;--awb-spacing-left-small:1.92%;\"><div class=\"fusion-column-wrapper fusion-column-has-shadow fusion-flex-justify-content-flex-start fusion-content-layout-column\"><div class=\"fusion-title title fusion-title-4 fusion-title-center fusion-title-text fusion-title-size-two\" style=\"--awb-margin-top-small:10px;--awb-margin-right-small:0px;--awb-margin-bottom-small:10px;--awb-margin-left-small:0px;\"><div class=\"title-sep-container title-sep-container-left\"><div class=\"title-sep sep-double sep-solid\" style=\"border-color:#e2e2e2;\"><\/div><\/div><span class=\"awb-title-spacer\"><\/span><h2 class=\"fusion-title-heading title-heading-center\" style=\"margin:0;\">Quarto Retro<\/h2><span class=\"awb-title-spacer\"><\/span><div class=\"title-sep-container title-sep-container-right\"><div class=\"title-sep sep-double sep-solid\" style=\"border-color:#e2e2e2;\"><\/div><\/div><\/div><\/div><\/div><div class=\"fusion-layout-column fusion_builder_column fusion-builder-column-9 fusion_builder_column_1_2 1_2 fusion-flex-column fusion-flex-align-self-center\" style=\"--awb-bg-size:cover;--awb-width-large:50%;--awb-margin-top-large:0px;--awb-spacing-right-large:3.84%;--awb-margin-bottom-large:20px;--awb-spacing-left-large:3.84%;--awb-width-medium:50%;--awb-order-medium:0;--awb-spacing-right-medium:3.84%;--awb-spacing-left-medium:3.84%;--awb-width-small:100%;--awb-order-small:0;--awb-spacing-right-small:1.92%;--awb-spacing-left-small:1.92%;\" data-scroll-devices=\"small-visibility,medium-visibility,large-visibility\"><div class=\"fusion-column-wrapper fusion-column-has-shadow fusion-flex-justify-content-center fusion-content-layout-column\"><div class=\"fusion-image-element\" style=\"--awb-caption-title-font-family:var(--h2_typography-font-family);--awb-caption-title-font-weight:var(--h2_typography-font-weight);--awb-caption-title-font-style:var(--h2_typography-font-style);--awb-caption-title-size:var(--h2_typography-font-size);--awb-caption-title-transform:var(--h2_typography-text-transform);--awb-caption-title-line-height:var(--h2_typography-line-height);--awb-caption-title-letter-spacing:var(--h2_typography-letter-spacing);\"><span class=\" fusion-imageframe imageframe-none imageframe-5 hover-type-none\"><img decoding=\"async\" width=\"3264\" height=\"2448\" alt=\"Quarto retro Casatraca\" title=\"Casa Traca, quarto retro 4\" src=\"https:\/\/casatraca.com\/wp-content\/uploads\/2017\/08\/Casa-Traca-retro-kamer-4.jpg\" class=\"img-responsive wp-image-6276\" srcset=\"https:\/\/casatraca.com\/wp-content\/uploads\/2017\/08\/Casa-Traca-retro-kamer-4-300x225.jpg 300w, https:\/\/casatraca.com\/wp-content\/uploads\/2017\/08\/Casa-Traca-retro-kamer-4-768x576.jpg 768w, https:\/\/casatraca.com\/wp-content\/uploads\/2017\/08\/Casa-Traca-retro-kamer-4-1024x768.jpg 1024w, https:\/\/casatraca.com\/wp-content\/uploads\/2017\/08\/Casa-Traca-retro-kamer-4.jpg 3264w\" sizes=\"(max-width: 3264px) 100vw, 3264px\"><\/span><\/div><div style=\"text-align:center;\"><a class=\"fusion-button button-flat button-large button-default fusion-button-default button-5 fusion-button-default-span fusion-button-default-type\" style=\"--awb-margin-top:15px;\" target=\"_self\" href=\"https:\/\/casatraca.com\/pt-pt\/quartos\/quarto-retro\/\"><span class=\"fusion-button-text awb-button__text awb-button__text--default\">D\u00e1 uma olhadela no quarto Retro <\/span><i class=\"fa-arrow-right fas awb-button__icon awb-button__icon--default button-icon-right\" aria-hidden=\"true\"><\/i><\/a><\/div><\/div><\/div><div class=\"fusion-layout-column fusion_builder_column fusion-builder-column-10 fusion_builder_column_1_2 1_2 fusion-flex-column\" style=\"--awb-bg-size:cover;--awb-width-large:50%;--awb-margin-top-large:0px;--awb-spacing-right-large:3.84%;--awb-margin-bottom-large:20px;--awb-spacing-left-large:3.84%;--awb-width-medium:50%;--awb-order-medium:0;--awb-spacing-right-medium:3.84%;--awb-spacing-left-medium:3.84%;--awb-width-small:100%;--awb-order-small:0;--awb-spacing-right-small:1.92%;--awb-spacing-left-small:1.92%;\"><div class=\"fusion-column-wrapper fusion-column-has-shadow fusion-flex-justify-content-flex-start fusion-content-layout-column\"><div class=\"fusion-text fusion-text-3\"><p>O Quarto Retro leva-te de volta ao ambiente acolhedor dos anos setenta. Cores quentes, detalhes caracter\u00edsticos e uma refer\u00eancia ao passado criam um quarto com um estilo pr\u00f3prio, sem comprometer o conforto.<\/p>\n<p>Este quarto espa\u00e7oso acomoda, por norma, duas pessoas e pode ser ampliado para um m\u00e1ximo de tr\u00eas. \u00c9 a escolha ideal para casais que gostam de ter um pouco mais de espa\u00e7o, uma fam\u00edlia pequena ou tr\u00eas adultos que queiram descobrir juntos o Centro de Portugal.<\/p>\n<p>Descanse \u00e0 vontade nesta sala acolhedora depois de um dia repleto de caminhadas, de uma visita \u00e0s pitorescas aldeias de xisto ou de uma tarde numa das praias ribeirinhas.<\/p>\n<\/div><div class=\"fusion-title title fusion-title-5 fusion-sep-none fusion-title-text fusion-title-size-three\" style=\"--awb-margin-top-small:10px;--awb-margin-right-small:0px;--awb-margin-bottom-small:10px;--awb-margin-left-small:0px;\"><h3 class=\"fusion-title-heading title-heading-left\" style=\"margin:0;\">Caracter\u00edsticas do quarto retro<\/h3><\/div><ul style=\"--awb-line-height:27.2px;--awb-icon-width:27.2px;--awb-icon-height:27.2px;--awb-icon-margin:11.2px;--awb-content-margin:38.4px;--awb-circlecolor:#65bc7b;--awb-circle-yes-font-size:14.08px;\" class=\"fusion-checklist fusion-checklist-2 fusion-checklist-default type-icons\"><li class=\"fusion-li-item\" style=\"\"><span class=\"icon-wrapper circle-yes\"><i class=\"fusion-li-icon fa-user fas\" aria-hidden=\"true\"><\/i><\/span><div class=\"fusion-li-item-content\">\n<p>Ideal para 2 a 3 pessoas<\/p>\n<\/div><\/li><li class=\"fusion-li-item\" style=\"\"><span class=\"icon-wrapper circle-yes\"><i class=\"fusion-li-icon fa-heart fas\" aria-hidden=\"true\"><\/i><\/span><div class=\"fusion-li-item-content\">\n<p>Decora\u00e7\u00e3o acolhedora ao estilo dos anos 70<\/p>\n<\/div><\/li><li class=\"fusion-li-item\" style=\"\"><span class=\"icon-wrapper circle-yes\"><i class=\"fusion-li-icon awb-icon-check\" aria-hidden=\"true\"><\/i><\/span><div class=\"fusion-li-item-content\">\n<p>\u00c1rea de estar acolhedora<\/p>\n<\/div><\/li><li class=\"fusion-li-item\" style=\"\"><span class=\"icon-wrapper circle-yes\"><i class=\"fusion-li-icon fa-expand-alt fas\" aria-hidden=\"true\"><\/i><\/span><div class=\"fusion-li-item-content\">\n<p>Quarto espa\u00e7oso e confort\u00e1vel<\/p>\n<\/div><\/li><li class=\"fusion-li-item\" style=\"\"><span class=\"icon-wrapper circle-yes\"><i class=\"fusion-li-icon fa-baby fas\" aria-hidden=\"true\"><\/i><\/span><div class=\"fusion-li-item-content\">\n<p>Ideal para um ber\u00e7o gra\u00e7as ao espa\u00e7o extra<\/p>\n<\/div><\/li><li class=\"fusion-li-item\" style=\"\"><span class=\"icon-wrapper circle-yes\"><i class=\"fusion-li-icon fa-wifi fas\" aria-hidden=\"true\"><\/i><\/span><div class=\"fusion-li-item-content\">\n<p>Wi-Fi gratuito<\/p>\n<\/div><\/li><\/ul><\/div><\/div><\/div><\/div><div class=\"fusion-fullwidth fullwidth-box fusion-builder-row-6 fusion-flex-container has-pattern-background has-mask-background nonhundred-percent-fullwidth non-hundred-percent-height-scrolling\" style=\"--awb-border-radius-top-left:0px;--awb-border-radius-top-right:0px;--awb-border-radius-bottom-right:0px;--awb-border-radius-bottom-left:0px;--awb-flex-wrap:wrap;\" ><div class=\"fusion-builder-row fusion-row fusion-flex-align-items-flex-start fusion-flex-content-wrap\" style=\"max-width:1248px;margin-left: calc(-4% \/ 2 );margin-right: calc(-4% \/ 2 );\"><div class=\"fusion-layout-column fusion_builder_column fusion-builder-column-11 fusion_builder_column_1_1 1_1 fusion-flex-column\" style=\"--awb-bg-size:cover;--awb-width-large:100%;--awb-margin-top-large:0px;--awb-spacing-right-large:1.92%;--awb-margin-bottom-large:20px;--awb-spacing-left-large:1.92%;--awb-width-medium:100%;--awb-order-medium:0;--awb-spacing-right-medium:1.92%;--awb-spacing-left-medium:1.92%;--awb-width-small:100%;--awb-order-small:0;--awb-spacing-right-small:1.92%;--awb-spacing-left-small:1.92%;\"><div class=\"fusion-column-wrapper fusion-column-has-shadow fusion-flex-justify-content-flex-start fusion-content-layout-column\"><div class=\"fusion-title title fusion-title-6 fusion-title-center fusion-title-text fusion-title-size-two\" style=\"--awb-margin-top-small:10px;--awb-margin-right-small:0px;--awb-margin-bottom-small:10px;--awb-margin-left-small:0px;\"><div class=\"title-sep-container title-sep-container-left\"><div class=\"title-sep sep-double sep-solid\" style=\"border-color:#e2e2e2;\"><\/div><\/div><span class=\"awb-title-spacer\"><\/span><h2 class=\"fusion-title-heading title-heading-center\" style=\"margin:0;\">Sala do Extremo Oriente<\/h2><span class=\"awb-title-spacer\"><\/span><div class=\"title-sep-container title-sep-container-right\"><div class=\"title-sep sep-double sep-solid\" style=\"border-color:#e2e2e2;\"><\/div><\/div><\/div><\/div><\/div><div class=\"fusion-layout-column fusion_builder_column fusion-builder-column-12 fusion_builder_column_1_2 1_2 fusion-flex-column\" style=\"--awb-bg-size:cover;--awb-width-large:50%;--awb-margin-top-large:0px;--awb-spacing-right-large:3.84%;--awb-margin-bottom-large:20px;--awb-spacing-left-large:3.84%;--awb-width-medium:50%;--awb-order-medium:0;--awb-spacing-right-medium:3.84%;--awb-spacing-left-medium:3.84%;--awb-width-small:100%;--awb-order-small:0;--awb-spacing-right-small:1.92%;--awb-spacing-left-small:1.92%;\"><div class=\"fusion-column-wrapper fusion-column-has-shadow fusion-flex-justify-content-flex-start fusion-content-layout-column\"><div class=\"fusion-text fusion-text-4\"><p>O Quarto Far East transmite a atmosfera tranquila e harmoniosa do Extremo Oriente. Cores suaves e toques asi\u00e1ticos subtis criam um ambiente descontra\u00eddo, onde podes relaxar completamente depois de um dia repleto de natureza, cultura ou de uma visita \u00e0s praias ribeirinhas da regi\u00e3o.<\/p>\n<p>O quarto est\u00e1 equipado com duas camas individuais confort\u00e1veis, o que o torna uma excelente escolha para amigos, familiares ou casais que preferem dormir separados. Gra\u00e7as ao seu ambiente tranquilo e \u00e0 sua disposi\u00e7\u00e3o pr\u00e1tica, o Quarto Far East \u00e9 um ponto de partida ideal para uma estadia relaxante no centro de Portugal.<\/p>\n<\/div><div class=\"fusion-title title fusion-title-7 fusion-sep-none fusion-title-text fusion-title-size-three\" style=\"--awb-margin-top-small:10px;--awb-margin-right-small:0px;--awb-margin-bottom-small:10px;--awb-margin-left-small:0px;\"><h3 class=\"fusion-title-heading title-heading-left\" style=\"margin:0;\">Caracter\u00edsticas do quarto Far East<\/h3><\/div><ul style=\"--awb-line-height:27.2px;--awb-icon-width:27.2px;--awb-icon-height:27.2px;--awb-icon-margin:11.2px;--awb-content-margin:38.4px;--awb-circlecolor:#65bc7b;--awb-circle-yes-font-size:14.08px;\" class=\"fusion-checklist fusion-checklist-3 fusion-checklist-default type-icons\"><li class=\"fusion-li-item\" style=\"\"><span class=\"icon-wrapper circle-yes\"><i class=\"fusion-li-icon fa-user fas\" aria-hidden=\"true\"><\/i><\/span><div class=\"fusion-li-item-content\">\n<p>Ideal para 2 pessoas<\/p>\n<\/div><\/li><li class=\"fusion-li-item\" style=\"\"><span class=\"icon-wrapper circle-yes\"><i class=\"fusion-li-icon fa-heart fas\" aria-hidden=\"true\"><\/i><\/span><div class=\"fusion-li-item-content\">\n<p>Decorado com bom gosto e influ\u00eancias asi\u00e1ticas<\/p>\n<\/div><\/li><li class=\"fusion-li-item\" style=\"\"><span class=\"icon-wrapper circle-yes\"><i class=\"fusion-li-icon fa-hand-holding-heart fas\" aria-hidden=\"true\"><\/i><\/span><div class=\"fusion-li-item-content\">\n<p>Ambiente tranquilo e relaxante<\/p>\n<\/div><\/li><li class=\"fusion-li-item\" style=\"\"><span class=\"icon-wrapper circle-yes\"><i class=\"fusion-li-icon fa-bed fas\" aria-hidden=\"true\"><\/i><\/span><div class=\"fusion-li-item-content\">\n<p>Duas camas de solteiro confort\u00e1veis<\/p>\n<\/div><\/li><li class=\"fusion-li-item\" style=\"\"><span class=\"icon-wrapper circle-yes\"><i class=\"fusion-li-icon fa-wifi fas\" aria-hidden=\"true\"><\/i><\/span><div class=\"fusion-li-item-content\">\n<p>Wi-Fi gratuito<\/p>\n<\/div><\/li><\/ul><\/div><\/div><div class=\"fusion-layout-column fusion_builder_column fusion-builder-column-13 fusion_builder_column_1_2 1_2 fusion-flex-column fusion-flex-align-self-center\" style=\"--awb-bg-size:cover;--awb-width-large:50%;--awb-margin-top-large:0px;--awb-spacing-right-large:3.84%;--awb-margin-bottom-large:20px;--awb-spacing-left-large:3.84%;--awb-width-medium:50%;--awb-order-medium:0;--awb-spacing-right-medium:3.84%;--awb-spacing-left-medium:3.84%;--awb-width-small:100%;--awb-order-small:0;--awb-spacing-right-small:1.92%;--awb-spacing-left-small:1.92%;\" data-scroll-devices=\"small-visibility,medium-visibility,large-visibility\"><div class=\"fusion-column-wrapper fusion-column-has-shadow fusion-flex-justify-content-center fusion-content-layout-column\"><div class=\"fusion-image-element\" style=\"--awb-caption-title-font-family:var(--h2_typography-font-family);--awb-caption-title-font-weight:var(--h2_typography-font-weight);--awb-caption-title-font-style:var(--h2_typography-font-style);--awb-caption-title-size:var(--h2_typography-font-size);--awb-caption-title-transform:var(--h2_typography-text-transform);--awb-caption-title-line-height:var(--h2_typography-line-height);--awb-caption-title-letter-spacing:var(--h2_typography-letter-spacing);\"><span class=\" fusion-imageframe imageframe-none imageframe-6 hover-type-none\"><img decoding=\"async\" width=\"3264\" height=\"2448\" alt=\"Buda Oriental \u00abFar East Happiness\u00bb\" title=\"Extremo Oriente 1\" src=\"https:\/\/casatraca.com\/wp-content\/uploads\/2016\/04\/Far-East-1.jpg\" class=\"img-responsive wp-image-5940\" srcset=\"https:\/\/casatraca.com\/wp-content\/uploads\/2016\/04\/Far-East-1-300x225.jpg 300w, https:\/\/casatraca.com\/wp-content\/uploads\/2016\/04\/Far-East-1-768x576.jpg 768w, https:\/\/casatraca.com\/wp-content\/uploads\/2016\/04\/Far-East-1-1024x768.jpg 1024w, https:\/\/casatraca.com\/wp-content\/uploads\/2016\/04\/Far-East-1.jpg 3264w\" sizes=\"(max-width: 3264px) 100vw, 3264px\"><\/span><\/div><div style=\"text-align:center;\"><a class=\"fusion-button button-flat button-large button-default fusion-button-default button-6 fusion-button-default-span fusion-button-default-type\" style=\"--awb-margin-top:15px;\" target=\"_self\" href=\"https:\/\/casatraca.com\/pt-pt\/quartos\/quarto-oriental\/\"><span class=\"fusion-button-text awb-button__text awb-button__text--default\">D\u00e1 uma vista de olhos no quarto Far East <\/span><i class=\"fa-arrow-right fas awb-button__icon awb-button__icon--default button-icon-right\" aria-hidden=\"true\"><\/i><\/a><\/div><\/div><\/div><\/div><\/div><div class=\"fusion-fullwidth fullwidth-box fusion-builder-row-7 fusion-flex-container has-pattern-background has-mask-background hundred-percent-fullwidth non-hundred-percent-height-scrolling\" style=\"--awb-border-radius-top-left:0px;--awb-border-radius-top-right:0px;--awb-border-radius-bottom-right:0px;--awb-border-radius-bottom-left:0px;--awb-flex-wrap:wrap;\" ><div class=\"fusion-builder-row fusion-row fusion-flex-align-items-flex-start fusion-flex-content-wrap\" style=\"width:104% !important;max-width:104% !important;margin-left: calc(-4% \/ 2 );margin-right: calc(-4% \/ 2 );\"><div class=\"fusion-layout-column fusion_builder_column fusion-builder-column-14 fusion_builder_column_1_1 1_1 fusion-flex-column\" style=\"--awb-padding-right:10%;--awb-padding-left:10%;--awb-bg-size:cover;--awb-width-large:100%;--awb-margin-top-large:0px;--awb-spacing-right-large:1.92%;--awb-margin-bottom-large:20px;--awb-spacing-left-large:1.92%;--awb-width-medium:100%;--awb-order-medium:0;--awb-spacing-right-medium:1.92%;--awb-spacing-left-medium:1.92%;--awb-width-small:100%;--awb-order-small:0;--awb-spacing-right-small:1.92%;--awb-spacing-left-small:1.92%;\" data-scroll-devices=\"small-visibility,medium-visibility,large-visibility\"><div class=\"fusion-column-wrapper fusion-column-has-shadow fusion-flex-justify-content-flex-start fusion-content-layout-column\"><div class=\"fusion-title title fusion-title-8 fusion-sep-none fusion-title-center fusion-title-text fusion-title-size-two\" style=\"--awb-margin-top-small:10px;--awb-margin-right-small:0px;--awb-margin-bottom-small:10px;--awb-margin-left-small:0px;\"><h2 class=\"fusion-title-heading title-heading-center\" style=\"margin:0;\">Vais viajar com crian\u00e7as?<\/h2><\/div><div class=\"fusion-text fusion-text-5\"><p>O <strong>Quarto Bizantino<\/strong> e <strong>o Quarto Retro<\/strong> s\u00e3o espa\u00e7osos e ideais para casais e fam\u00edlias. Precisas de um pouco mais de espa\u00e7o ou as crian\u00e7as preferem dormir num quarto s\u00f3 para elas? Nesse caso, o <strong>Quarto Far East<\/strong> \u00e9 o complemento perfeito.<\/p>\n<p>Ao combinar um dos amplos quartos tem\u00e1ticos com o Quarto do Extremo Oriente, todos t\u00eam o seu pr\u00f3prio espa\u00e7o, mas continuam a ficar perto uns dos outros. Assim, desfrutas de privacidade extra e do conforto de um Bed &amp; Breakfast de pequena escala.<\/p>\n<\/div><\/div><\/div><\/div><\/div><div class=\"fusion-fullwidth fullwidth-box fusion-builder-row-8 fusion-flex-container has-pattern-background has-mask-background hundred-percent-fullwidth non-hundred-percent-height-scrolling\" style=\"--awb-border-radius-top-left:0px;--awb-border-radius-top-right:0px;--awb-border-radius-bottom-right:0px;--awb-border-radius-bottom-left:0px;--awb-flex-wrap:wrap;\" ><div class=\"fusion-builder-row fusion-row fusion-flex-align-items-flex-start fusion-flex-content-wrap\" style=\"width:104% !important;max-width:104% !important;margin-left: calc(-4% \/ 2 );margin-right: calc(-4% \/ 2 );\"><div class=\"fusion-layout-column fusion_builder_column fusion-builder-column-15 fusion_builder_column_1_1 1_1 fusion-flex-column\" style=\"--awb-padding-right:10%;--awb-padding-left:10%;--awb-bg-size:cover;--awb-width-large:100%;--awb-margin-top-large:0px;--awb-spacing-right-large:1.92%;--awb-margin-bottom-large:20px;--awb-spacing-left-large:1.92%;--awb-width-medium:100%;--awb-order-medium:0;--awb-spacing-right-medium:1.92%;--awb-spacing-left-medium:1.92%;--awb-width-small:100%;--awb-order-small:0;--awb-spacing-right-small:1.92%;--awb-spacing-left-small:1.92%;\" data-scroll-devices=\"small-visibility,medium-visibility,large-visibility\"><div class=\"fusion-column-wrapper fusion-column-has-shadow fusion-flex-justify-content-flex-start fusion-content-layout-column\"><div class=\"fusion-title title fusion-title-9 fusion-sep-none fusion-title-center fusion-title-text fusion-title-size-three\" style=\"--awb-margin-top-small:10px;--awb-margin-right-small:0px;--awb-margin-bottom-small:10px;--awb-margin-left-small:0px;\"><h3 class=\"fusion-title-heading title-heading-center\" style=\"margin:0;\">Casa de banho<\/h3><\/div><div class=\"fusion-text fusion-text-6\"><p class=\"isSelectedEnd\">No primeiro andar h\u00e1 uma casa de banho espa\u00e7osa e partilhada, dispon\u00edvel para os tr\u00eas quartos de h\u00f3spedes. Como a Casa Traca \u00e9 um Bed &amp; Breakfast de pequena dimens\u00e3o, esta casa de banho costuma ser utilizada apenas por um n\u00famero limitado de h\u00f3spedes.<\/p>\n<p>No r\u00e9s-do-ch\u00e3o, h\u00e1 tamb\u00e9m uma casa de banho luxuosa que foi recentemente renovada na totalidade. Se a disponibilidade o permitir, tenho todo o gosto em oferecer aos meus h\u00f3spedes a possibilidade de a utilizarem tamb\u00e9m. Desta forma, tento tornar a tua estadia o mais confort\u00e1vel poss\u00edvel.<\/p>\n<\/div><\/div><\/div><\/div><\/div><div class=\"fusion-fullwidth fullwidth-box fusion-builder-row-9 fusion-flex-container has-pattern-background has-mask-background hundred-percent-fullwidth non-hundred-percent-height-scrolling\" style=\"--awb-border-radius-top-left:0px;--awb-border-radius-top-right:0px;--awb-border-radius-bottom-right:0px;--awb-border-radius-bottom-left:0px;--awb-flex-wrap:wrap;\" ><div class=\"fusion-builder-row fusion-row fusion-flex-align-items-flex-start fusion-flex-content-wrap\" style=\"width:104% !important;max-width:104% !important;margin-left: calc(-4% \/ 2 );margin-right: calc(-4% \/ 2 );\"><div class=\"fusion-layout-column fusion_builder_column fusion-builder-column-16 fusion_builder_column_1_3 1_3 fusion-flex-column\" style=\"--awb-bg-size:cover;--awb-width-large:33.333333333333%;--awb-margin-top-large:0px;--awb-spacing-right-large:5.76%;--awb-margin-bottom-large:20px;--awb-spacing-left-large:5.76%;--awb-width-medium:33.333333333333%;--awb-order-medium:0;--awb-spacing-right-medium:5.76%;--awb-spacing-left-medium:5.76%;--awb-width-small:100%;--awb-order-small:0;--awb-spacing-right-small:1.92%;--awb-spacing-left-small:1.92%;\"><div class=\"fusion-column-wrapper fusion-column-has-shadow fusion-flex-justify-content-flex-start fusion-content-layout-column\"><div class=\"fusion-image-element\" style=\"--awb-caption-title-font-family:var(--h2_typography-font-family);--awb-caption-title-font-weight:var(--h2_typography-font-weight);--awb-caption-title-font-style:var(--h2_typography-font-style);--awb-caption-title-size:var(--h2_typography-font-size);--awb-caption-title-transform:var(--h2_typography-text-transform);--awb-caption-title-line-height:var(--h2_typography-line-height);--awb-caption-title-letter-spacing:var(--h2_typography-letter-spacing);\"><span class=\" fusion-imageframe imageframe-none imageframe-7 hover-type-none\"><img decoding=\"async\" width=\"3264\" height=\"2448\" alt=\"casa de banho em Bed and Breakfast no Centro de Portugal\" title=\"Casa de banho do andar de cima\" src=\"https:\/\/casatraca.com\/wp-content\/uploads\/2019\/06\/Badkamer-boven.jpg\" class=\"img-responsive wp-image-5937\" srcset=\"https:\/\/casatraca.com\/wp-content\/uploads\/2019\/06\/Badkamer-boven-300x225.jpg 300w, https:\/\/casatraca.com\/wp-content\/uploads\/2019\/06\/Badkamer-boven-768x576.jpg 768w, https:\/\/casatraca.com\/wp-content\/uploads\/2019\/06\/Badkamer-boven-1024x768.jpg 1024w, https:\/\/casatraca.com\/wp-content\/uploads\/2019\/06\/Badkamer-boven.jpg 3264w\" sizes=\"(max-width: 3264px) 100vw, 3264px\"><\/span><\/div><ul style=\"--awb-line-height:27.2px;--awb-icon-width:27.2px;--awb-icon-height:27.2px;--awb-icon-margin:11.2px;--awb-content-margin:38.4px;--awb-circlecolor:#65bc7b;--awb-circle-yes-font-size:14.08px;\" class=\"fusion-checklist fusion-checklist-4 fusion-checklist-default type-icons\"><li class=\"fusion-li-item\" style=\"\"><span class=\"icon-wrapper circle-yes\"><i class=\"fusion-li-icon fa-arrow-up fas\" aria-hidden=\"true\"><\/i><\/span><div class=\"fusion-li-item-content\">\n<p>A casa de banho completa e totalmente equipada no primeiro andar.<\/p>\n<\/div><\/li><\/ul><ul style=\"--awb-margin-top:15px;--awb-line-height:27.2px;--awb-icon-width:27.2px;--awb-icon-height:27.2px;--awb-icon-margin:11.2px;--awb-content-margin:38.4px;--awb-circlecolor:#65bc7b;--awb-circle-yes-font-size:14.08px;\" class=\"fusion-checklist fusion-checklist-5 fusion-checklist-default type-icons\"><li class=\"fusion-li-item\" style=\"\"><span class=\"icon-wrapper circle-yes\"><i class=\"fusion-li-icon fa-arrow-right fas\" aria-hidden=\"true\"><\/i><\/span><div class=\"fusion-li-item-content\">\n<p>A casa de banho do r\u00e9s-do-ch\u00e3o, totalmente renovada<\/p>\n<\/div><\/li><\/ul><\/div><\/div><div class=\"fusion-layout-column fusion_builder_column fusion-builder-column-17 fusion_builder_column_1_3 1_3 fusion-flex-column\" style=\"--awb-bg-size:cover;--awb-width-large:33.333333333333%;--awb-margin-top-large:0px;--awb-spacing-right-large:5.76%;--awb-margin-bottom-large:20px;--awb-spacing-left-large:5.76%;--awb-width-medium:33.333333333333%;--awb-order-medium:0;--awb-spacing-right-medium:5.76%;--awb-spacing-left-medium:5.76%;--awb-width-small:100%;--awb-order-small:0;--awb-spacing-right-small:1.92%;--awb-spacing-left-small:1.92%;\"><div class=\"fusion-column-wrapper fusion-column-has-shadow fusion-flex-justify-content-flex-start fusion-content-layout-column\"><div class=\"fusion-image-element\" style=\"--awb-caption-title-font-family:var(--h2_typography-font-family);--awb-caption-title-font-weight:var(--h2_typography-font-weight);--awb-caption-title-font-style:var(--h2_typography-font-style);--awb-caption-title-size:var(--h2_typography-font-size);--awb-caption-title-transform:var(--h2_typography-text-transform);--awb-caption-title-line-height:var(--h2_typography-line-height);--awb-caption-title-letter-spacing:var(--h2_typography-letter-spacing);\"><span class=\" fusion-imageframe imageframe-none imageframe-8 hover-type-none\"><img decoding=\"async\" width=\"768\" height=\"1024\" alt=\"Casa Traca \u2013 quarto cl\u00e1ssico \u2013 casa de banho\" title=\"Casa Traca, quarto cl\u00e1ssico 3\" src=\"https:\/\/casatraca.com\/wp-content\/uploads\/2025\/01\/Casa-Traca-classic-room3.jpg\" class=\"img-responsive wp-image-9721\" srcset=\"https:\/\/casatraca.com\/wp-content\/uploads\/2025\/01\/Casa-Traca-classic-room3-200x267.jpg 200w, https:\/\/casatraca.com\/wp-content\/uploads\/2025\/01\/Casa-Traca-classic-room3-400x533.jpg 400w, https:\/\/casatraca.com\/wp-content\/uploads\/2025\/01\/Casa-Traca-classic-room3-600x800.jpg 600w, https:\/\/casatraca.com\/wp-content\/uploads\/2025\/01\/Casa-Traca-classic-room3.jpg 768w\" sizes=\"(max-width: 640px) 100vw, 400px\"><\/span><\/div><\/div><\/div><div class=\"fusion-layout-column fusion_builder_column fusion-builder-column-18 fusion_builder_column_1_3 1_3 fusion-flex-column\" style=\"--awb-bg-size:cover;--awb-width-large:33.333333333333%;--awb-margin-top-large:0px;--awb-spacing-right-large:5.76%;--awb-margin-bottom-large:20px;--awb-spacing-left-large:5.76%;--awb-width-medium:33.333333333333%;--awb-order-medium:0;--awb-spacing-right-medium:5.76%;--awb-spacing-left-medium:5.76%;--awb-width-small:100%;--awb-order-small:0;--awb-spacing-right-small:1.92%;--awb-spacing-left-small:1.92%;\"><div class=\"fusion-column-wrapper fusion-column-has-shadow fusion-flex-justify-content-flex-start fusion-content-layout-column\"><div class=\"fusion-image-element\" style=\"--awb-caption-title-font-family:var(--h2_typography-font-family);--awb-caption-title-font-weight:var(--h2_typography-font-weight);--awb-caption-title-font-style:var(--h2_typography-font-style);--awb-caption-title-size:var(--h2_typography-font-size);--awb-caption-title-transform:var(--h2_typography-text-transform);--awb-caption-title-line-height:var(--h2_typography-line-height);--awb-caption-title-letter-spacing:var(--h2_typography-letter-spacing);\"><span class=\" fusion-imageframe imageframe-none imageframe-9 hover-type-none\"><img decoding=\"async\" width=\"768\" height=\"1024\" alt=\"Casa Traca \u2013 quarto cl\u00e1ssico \u2013 casa de banho\" title=\"Casa Traca &#8211; Quarto Cl\u00e1ssico 1\" src=\"https:\/\/casatraca.com\/wp-content\/uploads\/2025\/01\/Casa-Traca-classic-room1.jpg\" class=\"img-responsive wp-image-9715\" srcset=\"https:\/\/casatraca.com\/wp-content\/uploads\/2025\/01\/Casa-Traca-classic-room1-200x267.jpg 200w, https:\/\/casatraca.com\/wp-content\/uploads\/2025\/01\/Casa-Traca-classic-room1-400x533.jpg 400w, https:\/\/casatraca.com\/wp-content\/uploads\/2025\/01\/Casa-Traca-classic-room1-600x800.jpg 600w, https:\/\/casatraca.com\/wp-content\/uploads\/2025\/01\/Casa-Traca-classic-room1.jpg 768w\" sizes=\"(max-width: 640px) 100vw, 400px\"><\/span><\/div><\/div><\/div><\/div><\/div><div class=\"fusion-fullwidth fullwidth-box fusion-builder-row-10 fusion-flex-container has-pattern-background has-mask-background nonhundred-percent-fullwidth non-hundred-percent-height-scrolling\" style=\"--awb-border-radius-top-left:0px;--awb-border-radius-top-right:0px;--awb-border-radius-bottom-right:0px;--awb-border-radius-bottom-left:0px;--awb-flex-wrap:wrap;\" ><div class=\"fusion-builder-row fusion-row fusion-flex-align-items-flex-start fusion-flex-content-wrap\" style=\"max-width:1248px;margin-left: calc(-4% \/ 2 );margin-right: calc(-4% \/ 2 );\"><div class=\"fusion-layout-column fusion_builder_column fusion-builder-column-19 fusion_builder_column_1_1 1_1 fusion-flex-column\" style=\"--awb-bg-size:cover;--awb-width-large:100%;--awb-margin-top-large:0px;--awb-spacing-right-large:1.92%;--awb-margin-bottom-large:20px;--awb-spacing-left-large:1.92%;--awb-width-medium:100%;--awb-order-medium:0;--awb-spacing-right-medium:1.92%;--awb-spacing-left-medium:1.92%;--awb-width-small:100%;--awb-order-small:0;--awb-spacing-right-small:1.92%;--awb-spacing-left-small:1.92%;\"><div class=\"fusion-column-wrapper fusion-column-has-shadow fusion-flex-justify-content-flex-start fusion-content-layout-column\"><div class=\"fusion-title title fusion-title-10 fusion-sep-none fusion-title-center fusion-title-text fusion-title-size-two\" style=\"--awb-margin-top-small:10px;--awb-margin-right-small:0px;--awb-margin-bottom-small:10px;--awb-margin-left-small:0px;\"><h2 class=\"fusion-title-heading title-heading-center\" style=\"margin:0;\">Comodidades e informa\u00e7\u00f5es pr\u00e1ticas<\/h2><\/div><div class=\"fusion-text fusion-text-7\"><h3>Pre\u00e7os e disponibilidade<\/h3>\n<p>Os pre\u00e7os dos quartos indicados t\u00eam como base uma estadia de duas pessoas e incluem um pequeno-almo\u00e7o completo.<\/p>\n<p>O <strong>Quarto Retro<\/strong> pode ser ampliado com uma cama extra. O <strong>Quarto Bizantino<\/strong> acomoda at\u00e9 quatro pessoas, gra\u00e7as a uma cama de casal extra. A utiliza\u00e7\u00e3o dos lugares de dormir extra implica um pequeno custo adicional. Est\u00e1 dispon\u00edvel um ber\u00e7o, mediante pedido.<\/p>\n<h3>Caf\u00e9, ch\u00e1 e bebidas frescas<\/h3>\n<p>Em cada quarto h\u00e1 um pequeno conjunto para caf\u00e9 e ch\u00e1. Al\u00e9m disso, na sala comum, podes usar \u00e0 vontade uma m\u00e1quina Senseo e uma chaleira el\u00e9trica, com caf\u00e9, ch\u00e1 e tudo o que precisares para preparares tu mesmo uma bebida quente.<\/p>\n<p>No frigor\u00edfico para h\u00f3spedes, na garagem, vais encontrar uma pequena sele\u00e7\u00e3o de bebidas frescas, como refrigerantes, cerveja, vinho e \u2013 quando dispon\u00edveis \u2013 sumos de fruta fresca da \u00e9poca. Estas bebidas est\u00e3o dispon\u00edveis por um pequeno valor.<\/p>\n<p>\u00c9 claro que tamb\u00e9m podes usar o frigor\u00edfico dos h\u00f3spedes para guardar os teus pr\u00f3prios alimentos e bebidas.<\/p>\n<h3>Sala comum<\/h3>\n<p>A sala comum \u00e9 um s\u00edtio agrad\u00e1vel para relaxar um pouco. Podes ler um livro, jogar um jogo ou saborear um caf\u00e9 ou um ch\u00e1. H\u00e1 uma sele\u00e7\u00e3o de livros em neerland\u00eas e, para as crian\u00e7as, est\u00e3o dispon\u00edveis, entre outros, LEGO\u00ae e Playmobil.<\/p>\n<h3>O jardim<\/h3>\n<p>O jardim \u00e9 uma parte importante do Bed &amp; Breakfast Casa Traca e est\u00e1 totalmente \u00e0 tua disposi\u00e7\u00e3o durante a tua estadia. Espalhados pelo jardim, vais encontrar v\u00e1rios recantos para sentar e zonas de descanso acolhedoras, cada uma com o seu pr\u00f3prio tema. Quer queiras desfrutar de um bom livro, de um caf\u00e9 ao sol da manh\u00e3 ou simplesmente n\u00e3o fazer nada, h\u00e1 sempre um cantinho agrad\u00e1vel para encontrares.<\/p>\n<p>Est\u00e1s curioso para saber como \u00e9 o ambiente da Casa Traca? Ent\u00e3o d\u00e1 uma espreitadela na minha p\u00e1gina do Instagram. L\u00e1, partilho regularmente fotos e imagens do jardim, dos quartos e dos arredores lind\u00edssimos.<\/p>\n<h3>Fumar<\/h3>\n<p>A Casa Traca \u00e9 um Bed &amp; Breakfast totalmente livre de fumo. Por isso, n\u00e3o \u00e9 permitido fumar no interior. No jardim, h\u00e1 v\u00e1rios recantos onde podes fumar.<\/p>\n<p>Devido aos ver\u00f5es quentes e secos e \u00e0 zona florestal, pe\u00e7o-te que tenhas um cuidado redobrado com o fogo a c\u00e9u aberto. Infelizmente, os inc\u00eandios florestais s\u00e3o frequentes nesta regi\u00e3o.<\/p>\n<h3>Acessibilidade<\/h3>\n<p>Todos os quartos de h\u00f3spedes ficam no primeiro andar. N\u00e3o h\u00e1 elevador, pelo que os quartos n\u00e3o s\u00e3o muito adequados para h\u00f3spedes com dificuldades de locomo\u00e7\u00e3o.<\/p>\n<h3>Pequeno-almo\u00e7o<\/h3>\n<p>Todas as manh\u00e3s, entre <strong>as 08h00 e as 10h00,<\/strong> sirvo um pequeno-almo\u00e7o farto na marquise. Daqui, tens uma vista linda sobre o jardim e a natureza \u00e0 volta.<\/p>\n<h3>Wi-Fi<\/h3>\n<p>H\u00e1 Wi-Fi gratuito dispon\u00edvel em todo o Bed &amp; Breakfast, na sala comum e no jardim.<\/p>\n<h3>Check-in e check-out<\/h3>\n<p>Podes fazer o check-in entre <strong>as 15h00 e as 19h00<\/strong>. Se preferires chegar mais cedo ou mais tarde, entra em contacto comigo antes. Muitas vezes, \u00e9 poss\u00edvel chegar a um acordo.<\/p>\n<p>Agradecia se me dissesses com anteced\u00eancia a hora prevista de chegada. Como sou o \u00fanico a gerir a Casa Traca, posso ter isso em conta e receber-te pessoalmente.<\/p>\n<p>O check-out pode ser feito entre <strong>as 07h00 e as 11h00<\/strong>. Mesmo depois do check-out, \u00e9s muito bem-vindo a continuar a usufruir da sala comum e do jardim.<\/p>\n<p>Queres ficar no quarto um pouco mais tempo no dia da partida? Nesse caso, \u00e9 poss\u00edvel <strong>fazer o check-out tardio at\u00e9 \u00e0s 13h00<\/strong>, dependendo da disponibilidade. Para isso, aplica-se um suplemento de <strong>10,00<\/strong> \u20ac.<\/p>\n<\/div><\/div><\/div><\/div><\/div><div class=\"fusion-fullwidth fullwidth-box fusion-builder-row-11 fusion-flex-container has-pattern-background has-mask-background nonhundred-percent-fullwidth non-hundred-percent-height-scrolling\" style=\"--awb-border-radius-top-left:0px;--awb-border-radius-top-right:0px;--awb-border-radius-bottom-right:0px;--awb-border-radius-bottom-left:0px;--awb-flex-wrap:wrap;\" ><div class=\"fusion-builder-row fusion-row fusion-flex-align-items-flex-start fusion-flex-content-wrap\" style=\"max-width:1248px;margin-left: calc(-4% \/ 2 );margin-right: calc(-4% \/ 2 );\"><div class=\"fusion-layout-column fusion_builder_column fusion-builder-column-20 fusion_builder_column_1_1 1_1 fusion-flex-column\" style=\"--awb-bg-size:cover;--awb-width-large:100%;--awb-margin-top-large:0px;--awb-spacing-right-large:1.92%;--awb-margin-bottom-large:20px;--awb-spacing-left-large:1.92%;--awb-width-medium:100%;--awb-order-medium:0;--awb-spacing-right-medium:1.92%;--awb-spacing-left-medium:1.92%;--awb-width-small:100%;--awb-order-small:0;--awb-spacing-right-small:1.92%;--awb-spacing-left-small:1.92%;\"><div class=\"fusion-column-wrapper fusion-column-has-shadow fusion-flex-justify-content-flex-start fusion-content-layout-column\"><div style=\"text-align:center;\"><a class=\"fusion-button button-flat button-xlarge button-default fusion-button-default button-7 fusion-button-default-span fusion-button-default-type\" target=\"_self\" href=\"https:\/\/casatraca.com\/pt-pt\/portugues-sobre-nos-portugal\/\"><span class=\"fusion-button-text awb-button__text awb-button__text--default fusion-button-text-right\">Sim, quero reservar um quarto na Casa Traca!<\/span><span class=\"fusion-button-icon-divider button-icon-divider-right\"><i class=\"fa-arrow-right fas awb-button__icon awb-button__icon--default\" aria-hidden=\"true\"><\/i><\/span><\/a><\/div><\/div><\/div><\/div><\/div><\/p>\n","protected":false},"excerpt":{"rendered":"","protected":false},"author":2,"featured_media":7068,"parent":0,"menu_order":0,"comment_status":"closed","ping_status":"closed","template":"100-width.php","meta":{"footnotes":""},"class_list":["post-10427","page","type-page","status-publish","has-post-thumbnail","hentry"],"_links":{"self":[{"href":"https:\/\/casatraca.com\/pt-pt\/wp-json\/wp\/v2\/pages\/10427","targetHints":{"allow":["GET"]}}],"collection":[{"href":"https:\/\/casatraca.com\/pt-pt\/wp-json\/wp\/v2\/pages"}],"about":[{"href":"https:\/\/casatraca.com\/pt-pt\/wp-json\/wp\/v2\/types\/page"}],"author":[{"embeddable":true,"href":"https:\/\/casatraca.com\/pt-pt\/wp-json\/wp\/v2\/users\/2"}],"replies":[{"embeddable":true,"href":"https:\/\/casatraca.com\/pt-pt\/wp-json\/wp\/v2\/comments?post=10427"}],"version-history":[{"count":6,"href":"https:\/\/casatraca.com\/pt-pt\/wp-json\/wp\/v2\/pages\/10427\/revisions"}],"predecessor-version":[{"id":10443,"href":"https:\/\/casatraca.com\/pt-pt\/wp-json\/wp\/v2\/pages\/10427\/revisions\/10443"}],"wp:featuredmedia":[{"embeddable":true,"href":"https:\/\/casatraca.com\/pt-pt\/wp-json\/wp\/v2\/media\/7068"}],"wp:attachment":[{"href":"https:\/\/casatraca.com\/pt-pt\/wp-json\/wp\/v2\/media?parent=10427"}],"curies":[{"name":"wp","href":"https:\/\/api.w.org\/{rel}","templated":true}]}}